{"id":3425,"date":"2025-09-28T22:17:01","date_gmt":"2025-09-28T19:17:01","guid":{"rendered":"https:\/\/www.ingves.fi\/?page_id=3425"},"modified":"2025-10-02T14:14:49","modified_gmt":"2025-10-02T11:14:49","slug":"lumoava-gardajarvi-ja-lago-maggiore","status":"publish","type":"page","link":"https:\/\/www.ingves.fi\/fi\/lumoava-gardajarvi-ja-lago-maggiore\/","title":{"rendered":"Lumoava Gardaj\u00e4rvi ja Lago Maggiore"},"content":{"rendered":"\t\t<div data-elementor-type=\"wp-page\" data-elementor-id=\"3425\" class=\"elementor elementor-3425\" data-elementor-post-type=\"page\">\n\t\t\t\t<div class=\"elementor-element elementor-element-8707050 e-flex e-con-boxed e-con e-parent\" data-id=\"8707050\" data-element_type=\"container\" data-e-type=\"container\">\n\t\t\t\t\t<div class=\"e-con-inner\">\n\t\t\t\t<div class=\"elementor-element elementor-element-4d3bc8ef elementor-widget elementor-widget-heading\" data-id=\"4d3bc8ef\" data-element_type=\"widget\" data-e-type=\"widget\" data-widget_type=\"heading.default\">\n\t\t\t\t<div class=\"elementor-widget-container\">\n\t\t\t\t\t<h2 class=\"elementor-heading-title elementor-size-default\"><p><b>Monipuolinen matkakohde<\/b><span><\/span><\/p><\/h2>\t\t\t\t<\/div>\n\t\t\t\t<\/div>\n\t\t\t\t\t<\/div>\n\t\t\t\t<\/div>\n\t\t<div class=\"elementor-element elementor-element-d1bab26 e-flex e-con-boxed e-con e-parent\" data-id=\"d1bab26\" data-element_type=\"container\" data-e-type=\"container\">\n\t\t\t\t\t<div class=\"e-con-inner\">\n\t\t<div class=\"elementor-element elementor-element-18c86fa e-con-full e-flex e-con e-child\" data-id=\"18c86fa\" data-element_type=\"container\" data-e-type=\"container\">\n\t\t\t\t<div class=\"elementor-element elementor-element-02cd738 elementor-widget elementor-widget-image\" data-id=\"02cd738\" data-element_type=\"widget\" data-e-type=\"widget\" data-widget_type=\"image.default\">\n\t\t\t\t<div class=\"elementor-widget-container\">\n\t\t\t\t\t\t\t\t\t\t\t\t\t\t\t<img fetchpriority=\"high\" decoding=\"async\" width=\"800\" height=\"469\" src=\"https:\/\/www.ingves.fi\/wp-content\/uploads\/2025\/10\/Garda-view-5-1024x600.jpg\" class=\"attachment-large size-large wp-image-3697\" alt=\"\" srcset=\"https:\/\/www.ingves.fi\/wp-content\/uploads\/2025\/10\/Garda-view-5-1024x600.jpg 1024w, https:\/\/www.ingves.fi\/wp-content\/uploads\/2025\/10\/Garda-view-5-300x176.jpg 300w, https:\/\/www.ingves.fi\/wp-content\/uploads\/2025\/10\/Garda-view-5-768x450.jpg 768w, https:\/\/www.ingves.fi\/wp-content\/uploads\/2025\/10\/Garda-view-5-1536x900.jpg 1536w, https:\/\/www.ingves.fi\/wp-content\/uploads\/2025\/10\/Garda-view-5-2048x1200.jpg 2048w\" sizes=\"(max-width: 800px) 100vw, 800px\" \/>\t\t\t\t\t\t\t\t\t\t\t\t\t\t\t<\/div>\n\t\t\t\t<\/div>\n\t\t\t\t<\/div>\n\t\t<div class=\"elementor-element elementor-element-2a0dfd39 e-con-full e-flex e-con e-child\" data-id=\"2a0dfd39\" data-element_type=\"container\" data-e-type=\"container\">\n\t\t\t\t<div class=\"elementor-element elementor-element-5245aee elementor-widget elementor-widget-menu-anchor\" data-id=\"5245aee\" data-element_type=\"widget\" data-e-type=\"widget\" data-widget_type=\"menu-anchor.default\">\n\t\t\t\t<div class=\"elementor-widget-container\">\n\t\t\t\t\t\t\t<div class=\"elementor-menu-anchor\" id=\"alkuun\"><\/div>\n\t\t\t\t\t\t<\/div>\n\t\t\t\t<\/div>\n\t\t\t\t<div class=\"elementor-element elementor-element-b41d112 elementor-widget elementor-widget-text-editor\" data-id=\"b41d112\" data-element_type=\"widget\" data-e-type=\"widget\" data-widget_type=\"text-editor.default\">\n\t\t\t\t<div class=\"elementor-widget-container\">\n\t\t\t\t\t\t\t\t\t<h4>Ainutlaatuisen luonnon ja miellytt\u00e4v\u00e4n ilmaston vuoksi Alppien suojassa sijaitsevat Pohjois-Italian j\u00e4rvet ovat Italian suosituimpia matkailukohteita. J\u00e4rvet kiemurtelevat korkeiden vuorten v\u00e4liss\u00e4, ja alueen maaper\u00e4 on rehev\u00e4. Majoitumme pieneen ja idylliseen Stresan kaupunkiin Lago Maggioren rannalla sek\u00e4 Desenzano del Gardaan, joka sijaitsee Gardaj\u00e4rven etel\u00e4osassa. Viimeisen y\u00f6n viet\u00e4mme Etel\u00e4-Tirolissa sijaitsevassa Vipitenon pikkukyl\u00e4ss\u00e4, josta on helppo l\u00e4hte\u00e4 kohti M\u00fcncheni\u00e4, josta on paluulento Suomeen.<\/h4>\t\t\t\t\t\t\t\t<\/div>\n\t\t\t\t<\/div>\n\t\t\t\t<\/div>\n\t\t\t\t\t<\/div>\n\t\t\t\t<\/div>\n\t\t<div class=\"elementor-element elementor-element-9c91e79 e-flex e-con-boxed e-con e-parent\" data-id=\"9c91e79\" data-element_type=\"container\" data-e-type=\"container\">\n\t\t\t\t\t<div class=\"e-con-inner\">\n\t\t<div class=\"elementor-element elementor-element-a57375f e-con-full e-flex e-con e-child\" data-id=\"a57375f\" data-element_type=\"container\" data-e-type=\"container\">\n\t\t\t\t<div class=\"elementor-element elementor-element-08f2406 elementor-widget elementor-widget-text-editor\" data-id=\"08f2406\" data-element_type=\"widget\" data-e-type=\"widget\" data-widget_type=\"text-editor.default\">\n\t\t\t\t<div class=\"elementor-widget-container\">\n\t\t\t\t\t\t\t\t\t<p><b>Mielenkiintoisia retki\u00e4<\/b><\/p><p>P\u00e4ivien retkiohjelmaan Gardaj\u00e4rvell\u00e4 kuuluu j\u00e4rvikierros, jossa reissaamme linjalaivalla niin, ett\u00e4 p\u00e4\u00e4semme tutustumaan my\u00f6s Gardaj\u00e4rven it\u00e4- ja l\u00e4nsirantojen vetonauloihin Limoneen ja Malcesineen.\u00a0<\/p><p>Tarjolla on my\u00f6s kaksi lis\u00e4maksullista retke\u00e4: Maggiore-j\u00e4rvell\u00e4 matkustamme <span style=\"font-size: 1rem;\">Stresasta pienen yksityisvenematkan p\u00e4\u00e4ss\u00e4 sijaitsevalle Isola Bella -saarelle, jossa vierailemme\u00a0Palazzo Borromeossa\u00a0ja sen upeassa puutarhassa.<\/span><\/p><p>Garda-j\u00e4rven Desenzano del Gardasta k\u00e4sin tehd\u00e4\u00e4n retki\u00a0Veronaan, Romeon ja Julian kaupunkiin, jossa teemme k\u00e4velykierroksen ja nautimme lounaan. Aikaa j\u00e4\u00e4 my\u00f6s ostoksille. Viinitilavierailu ennen paluuta Desenzano del Gardaan.<\/p>\t\t\t\t\t\t\t\t<\/div>\n\t\t\t\t<\/div>\n\t\t<div class=\"elementor-element elementor-element-431c045 e-con-full e-flex e-con e-child\" data-id=\"431c045\" data-element_type=\"container\" data-e-type=\"container\">\n\t\t<div class=\"elementor-element elementor-element-55bc2f4 e-con-full e-flex e-con e-child\" data-id=\"55bc2f4\" data-element_type=\"container\" data-e-type=\"container\">\n\t\t\t\t<div class=\"elementor-element elementor-element-cab551b elementor-alert-success elementor-widget__width-initial elementor-widget elementor-widget-alert\" data-id=\"cab551b\" data-element_type=\"widget\" data-e-type=\"widget\" data-widget_type=\"alert.default\">\n\t\t\t\t<div class=\"elementor-widget-container\">\n\t\t\t\t\t\t\t<div class=\"elementor-alert\" role=\"alert\">\n\n\t\t\t\t\t\t<span class=\"elementor-alert-title\">Matkat alueelle<\/span>\n\t\t\t\n\t\t\t\t\t\t<span class=\"elementor-alert-description\"><a href=\"#vastaava-garda\">Tarkista myynniss\u00e4 olevat matkat t\u00e4st\u00e4<\/a><\/span>\n\t\t\t\n\t\t\t\t\t\t<button type=\"button\" class=\"elementor-alert-dismiss\" aria-label=\"Dismiss this alert.\">\n\t\t\t\t<svg aria-hidden=\"true\" class=\"e-font-icon-svg e-far-map\" viewBox=\"0 0 576 512\" xmlns=\"http:\/\/www.w3.org\/2000\/svg\"><path d=\"M560.02 32c-1.96 0-3.98.37-5.96 1.16L384.01 96H384L212 35.28A64.252 64.252 0 0 0 191.76 32c-6.69 0-13.37 1.05-19.81 3.14L20.12 87.95A32.006 32.006 0 0 0 0 117.66v346.32C0 473.17 7.53 480 15.99 480c1.96 0 3.97-.37 5.96-1.16L192 416l172 60.71a63.98 63.98 0 0 0 40.05.15l151.83-52.81A31.996 31.996 0 0 0 576 394.34V48.02c0-9.19-7.53-16.02-15.98-16.02zM224 90.42l128 45.19v285.97l-128-45.19V90.42zM48 418.05V129.07l128-44.53v286.2l-.64.23L48 418.05zm480-35.13l-128 44.53V141.26l.64-.24L528 93.95v288.97z\"><\/path><\/svg>\t\t\t<\/button>\n\t\t\t\n\t\t<\/div>\n\t\t\t\t\t\t<\/div>\n\t\t\t\t<\/div>\n\t\t\t\t<\/div>\n\t\t<div class=\"elementor-element elementor-element-4455bdb e-con-full e-flex e-con e-child\" data-id=\"4455bdb\" data-element_type=\"container\" data-e-type=\"container\">\n\t\t\t\t<div class=\"elementor-element elementor-element-90d07a3 elementor-alert-success elementor-widget__width-initial elementor-widget elementor-widget-alert\" data-id=\"90d07a3\" data-element_type=\"widget\" data-e-type=\"widget\" data-widget_type=\"alert.default\">\n\t\t\t\t<div class=\"elementor-widget-container\">\n\t\t\t\t\t\t\t<div class=\"elementor-alert\" role=\"alert\">\n\n\t\t\t\t\t\t<span class=\"elementor-alert-title\">Muut kohteet<\/span>\n\t\t\t\n\t\t\t\t\t\t<span class=\"elementor-alert-description\"><a href=\"https:\/\/www.ingves.fi\/fi\/kohteet\/\">Matkailuvinkkej\u00e4 ja inspiraatiota<\/a>\n<br>\n<a href=\"https:\/\/www.ingves.fi\/fi\/matkat\/\">Suomenkieliset matkamme<\/a>\n<br>\n<a href=\"https:\/\/www.ingves.fi\">Ruotsinkieliset matkamme<\/a><\/span>\n\t\t\t\n\t\t\t\t\t\t<button type=\"button\" class=\"elementor-alert-dismiss\" aria-label=\"Dismiss this alert.\">\n\t\t\t\t<svg aria-hidden=\"true\" class=\"e-font-icon-svg e-far-map\" viewBox=\"0 0 576 512\" xmlns=\"http:\/\/www.w3.org\/2000\/svg\"><path d=\"M560.02 32c-1.96 0-3.98.37-5.96 1.16L384.01 96H384L212 35.28A64.252 64.252 0 0 0 191.76 32c-6.69 0-13.37 1.05-19.81 3.14L20.12 87.95A32.006 32.006 0 0 0 0 117.66v346.32C0 473.17 7.53 480 15.99 480c1.96 0 3.97-.37 5.96-1.16L192 416l172 60.71a63.98 63.98 0 0 0 40.05.15l151.83-52.81A31.996 31.996 0 0 0 576 394.34V48.02c0-9.19-7.53-16.02-15.98-16.02zM224 90.42l128 45.19v285.97l-128-45.19V90.42zM48 418.05V129.07l128-44.53v286.2l-.64.23L48 418.05zm480-35.13l-128 44.53V141.26l.64-.24L528 93.95v288.97z\"><\/path><\/svg>\t\t\t<\/button>\n\t\t\t\n\t\t<\/div>\n\t\t\t\t\t\t<\/div>\n\t\t\t\t<\/div>\n\t\t\t\t<\/div>\n\t\t\t\t<\/div>\n\t\t\t\t<\/div>\n\t\t<div class=\"elementor-element elementor-element-e07e349 e-con-full e-flex e-con e-child\" data-id=\"e07e349\" data-element_type=\"container\" data-e-type=\"container\">\n\t\t\t\t<div class=\"elementor-element elementor-element-901b3ef elementor-widget elementor-widget-shortcode\" data-id=\"901b3ef\" data-element_type=\"widget\" data-e-type=\"widget\" data-widget_type=\"shortcode.default\">\n\t\t\t\t<div class=\"elementor-widget-container\">\n\t\t\t\t\t\t\t<div class=\"elementor-shortcode\"><iframe src=\"https:\/\/www.google.com\/maps\/embed?pb=!1m46!1m12!1m3!1d709914.8402771808!2d9.74269454320193!3d45.96916539734336!2m3!1f0!2f0!3f0!3m2!1i1024!2i768!4f13.1!4m31!3e0!4m5!1s0x4786c1493f1275e7%3A0x3cffcd13c6740e8d!2sMilano%2C%20Italia!3m2!1d45.468503!2d9.182402699999999!4m5!1s0x4786758e05b94925%3A0x78f0166e234c7ef3!2s28838%20Stresa%2C%20Verbano-Cusio-Ossolan%20maakunta%2C%20Italia!3m2!1d45.888220499999996!2d8.5257951!4m5!1s0x4781945820205be3%3A0xadb343d8da35f3a1!2sDesenzano%20del%20Garda%2C%2025015%20Brescian%20maakunta%2C%20Italia!3m2!1d45.469823899999994!2d10.536538!4m5!1s0x479d5340912b4fed%3A0xeccf91de29d6fcf9!2sSterzing%2C%2039049%20Etel%C3%A4-Tiroli%2C%20Italia!3m2!1d46.8963393!2d11.432147299999999!4m5!1s0x479e75f9a38c5fd9%3A0x10cb84a7db1987d!2zTcO8bmNoZW4sIFNha3Nh!3m2!1d48.1351253!2d11.5819805!5e0!3m2!1sfi!2sfi!4v1759088044522!5m2!1sfi!2sfi\" width=\"600\" height=\"450\" style=\"border:0;\" allowfullscreen=\"\" loading=\"lazy\" referrerpolicy=\"no-referrer-when-downgrade\"><\/iframe><\/div>\n\t\t\t\t\t\t<\/div>\n\t\t\t\t<\/div>\n\t\t\t\t<\/div>\n\t\t\t\t\t<\/div>\n\t\t\t\t<\/div>\n\t\t<div class=\"elementor-element elementor-element-6cb2ccd e-flex e-con-boxed e-con e-parent\" data-id=\"6cb2ccd\" data-element_type=\"container\" data-e-type=\"container\">\n\t\t\t\t\t<div class=\"e-con-inner\">\n\t\t<div class=\"elementor-element elementor-element-866c0f5 e-con-full e-flex e-con e-child\" data-id=\"866c0f5\" data-element_type=\"container\" data-e-type=\"container\">\n\t\t<div class=\"elementor-element elementor-element-40571a7 e-con-full e-flex e-con e-child\" data-id=\"40571a7\" data-element_type=\"container\" data-e-type=\"container\">\n\t\t\t\t<div class=\"elementor-element elementor-element-041122b elementor-widget elementor-widget-text-editor\" data-id=\"041122b\" data-element_type=\"widget\" data-e-type=\"widget\" data-widget_type=\"text-editor.default\">\n\t\t\t\t<div class=\"elementor-widget-container\">\n\t\t\t\t\t\t\t\t\t<h3>P\u00e4iv\u00e4 1. Suomi &#8211; Milano &#8211; Stresa (Lago Maggiore)<\/h3><p>Suomalainen linja-automme ja kuljettajamme ovat kent\u00e4ll\u00e4 vastassa. Matka jatkuu suomenkielisen oppaamme johdolla kohti Stresan pient\u00e4 kaupunkia, joka sijaitsee Piemonten puoleisella rannalla Lago Maggiorella. Aikaa kuluu reilu tunti. Mik\u00e4li hotellihuoneet eiv\u00e4t ole viel\u00e4 valmiit, teemme heti pienen tutustumiskierroksen Stresan keskustassa. Stresan hotellissa &#8211; Hotel Milan &amp; Speranza &#8211; meill\u00e4 on puolihoito, joten nautimme yhteisen illallisen.\u00a0<\/p>\t\t\t\t\t\t\t\t<\/div>\n\t\t\t\t<\/div>\n\t\t\t\t<\/div>\n\t\t\t\t<\/div>\n\t\t<div class=\"elementor-element elementor-element-ef2c66d e-con-full e-flex e-con e-child\" data-id=\"ef2c66d\" data-element_type=\"container\" data-e-type=\"container\">\n\t\t\t\t<div class=\"elementor-element elementor-element-0f8165c elementor-widget elementor-widget-image\" data-id=\"0f8165c\" data-element_type=\"widget\" data-e-type=\"widget\" data-widget_type=\"image.default\">\n\t\t\t\t<div class=\"elementor-widget-container\">\n\t\t\t\t\t\t\t\t\t\t\t\t<figure class=\"wp-caption\">\n\t\t\t\t\t\t\t\t\t\t<img decoding=\"async\" width=\"768\" height=\"384\" src=\"https:\/\/www.ingves.fi\/wp-content\/uploads\/2025\/09\/stresa-2-768x384.jpg\" class=\"attachment-medium_large size-medium_large wp-image-3429\" alt=\"\" srcset=\"https:\/\/www.ingves.fi\/wp-content\/uploads\/2025\/09\/stresa-2-768x384.jpg 768w, https:\/\/www.ingves.fi\/wp-content\/uploads\/2025\/09\/stresa-2-300x150.jpg 300w, https:\/\/www.ingves.fi\/wp-content\/uploads\/2025\/09\/stresa-2-1024x512.jpg 1024w, https:\/\/www.ingves.fi\/wp-content\/uploads\/2025\/09\/stresa-2-1536x768.jpg 1536w, https:\/\/www.ingves.fi\/wp-content\/uploads\/2025\/09\/stresa-2.jpg 1600w\" sizes=\"(max-width: 768px) 100vw, 768px\" \/>\t\t\t\t\t\t\t\t\t\t\t<figcaption class=\"widget-image-caption wp-caption-text\">Stresa<\/figcaption>\n\t\t\t\t\t\t\t\t\t\t<\/figure>\n\t\t\t\t\t\t\t\t\t<\/div>\n\t\t\t\t<\/div>\n\t\t\t\t<\/div>\n\t\t\t\t\t<\/div>\n\t\t\t\t<\/div>\n\t\t<div class=\"elementor-element elementor-element-a98f460 e-flex e-con-boxed e-con e-parent\" data-id=\"a98f460\" data-element_type=\"container\" data-e-type=\"container\">\n\t\t\t\t\t<div class=\"e-con-inner\">\n\t\t<div class=\"elementor-element elementor-element-270573e e-con-full e-flex e-con e-child\" data-id=\"270573e\" data-element_type=\"container\" data-e-type=\"container\">\n\t\t<div class=\"elementor-element elementor-element-acf7a84 e-con-full e-flex e-con e-child\" data-id=\"acf7a84\" data-element_type=\"container\" data-e-type=\"container\">\n\t\t\t\t<div class=\"elementor-element elementor-element-44fe8d9 elementor-widget elementor-widget-text-editor\" data-id=\"44fe8d9\" data-element_type=\"widget\" data-e-type=\"widget\" data-widget_type=\"text-editor.default\">\n\t\t\t\t<div class=\"elementor-widget-container\">\n\t\t\t\t\t\t\t\t\t<h3>P\u00e4iv\u00e4 2. Retki Isola Bella -saarelle<\/h3><p>Vapaap\u00e4iv\u00e4 tai retkipaketin lunastaneiden ensimm\u00e4inen retki. Stresan keskustan piazza on kuin oikea olohuone; sen kahviloissa on mielenkiintoista istuskella ja nauttia cappuccinoa tai aperitivoa. Retkipaketin lunastaneilla on luvassa mielenkiintoinen aamup\u00e4iv\u00e4, joka alkaa pienell\u00e4 yksityisell\u00e4 venetaksikyydill\u00e4. Menemme Isola Bella saarelle, jossa tutustumme Borromeon suvun hienoon palatsiin ja sen upeaan puutarhaan. Palaamme retkelt\u00e4 sopivasti lounasaikaan klo 13.00 paikkeilla. Iltap\u00e4iv\u00e4 on vapaa. Kaikille yhteinen illallinen hotellin ravintolassa.<\/p>\t\t\t\t\t\t\t\t<\/div>\n\t\t\t\t<\/div>\n\t\t\t\t<\/div>\n\t\t\t\t<\/div>\n\t\t<div class=\"elementor-element elementor-element-bb047aa e-con-full e-flex e-con e-child\" data-id=\"bb047aa\" data-element_type=\"container\" data-e-type=\"container\">\n\t\t\t\t<div class=\"elementor-element elementor-element-bdaf1e5 elementor-widget elementor-widget-video\" data-id=\"bdaf1e5\" data-element_type=\"widget\" data-e-type=\"widget\" data-settings=\"{&quot;youtube_url&quot;:&quot;https:\\\/\\\/www.youtube.com\\\/watch?v=TWtIxZL9t98&quot;,&quot;video_type&quot;:&quot;youtube&quot;,&quot;controls&quot;:&quot;yes&quot;}\" data-widget_type=\"video.default\">\n\t\t\t\t<div class=\"elementor-widget-container\">\n\t\t\t\t\t\t\t<div class=\"elementor-wrapper elementor-open-inline\">\n\t\t\t<div class=\"elementor-video\"><\/div>\t\t<\/div>\n\t\t\t\t\t\t<\/div>\n\t\t\t\t<\/div>\n\t\t\t\t<\/div>\n\t\t\t\t\t<\/div>\n\t\t\t\t<\/div>\n\t\t<div class=\"elementor-element elementor-element-b9cb841 e-flex e-con-boxed e-con e-parent\" data-id=\"b9cb841\" data-element_type=\"container\" data-e-type=\"container\">\n\t\t\t\t\t<div class=\"e-con-inner\">\n\t\t<div class=\"elementor-element elementor-element-33ef585 e-con-full e-flex e-con e-child\" data-id=\"33ef585\" data-element_type=\"container\" data-e-type=\"container\">\n\t\t<div class=\"elementor-element elementor-element-3eaf2d6 e-con-full e-flex e-con e-child\" data-id=\"3eaf2d6\" data-element_type=\"container\" data-e-type=\"container\">\n\t\t\t\t<div class=\"elementor-element elementor-element-187d7e2 elementor-widget elementor-widget-text-editor\" data-id=\"187d7e2\" data-element_type=\"widget\" data-e-type=\"widget\" data-widget_type=\"text-editor.default\">\n\t\t\t\t<div class=\"elementor-widget-container\">\n\t\t\t\t\t\t\t\t\t<h3>P\u00e4iv\u00e4 3.\u00a0<span style=\"color: inherit; font-family: inherit;\">Stresa &#8211; Desenzano del Garda<\/span><\/h3><p>J\u00e4t\u00e4mme Stresan ja Lago Maggioren ja suuntaamme Gardaj\u00e4rvelle, Italian suurimmalle j\u00e4rvelle. Ajamme j\u00e4rven suurimpaan kaupunkiin Desenzano del Gardaan, jonne majoitumme ja jossa viet\u00e4mme seuraavat kolme y\u00f6t\u00e4.<br \/>Yhdess\u00e4 oppaan kanssa menemme tutustumaan l\u00e4himaastoon, josta l\u00f6ytyy uimaranta, keskusaukio, kauppoja ja ravintoloita. Ilta vapaa. \u00a0Retkipakettiin kuuluvaa illallispaikkaa ei ole viel\u00e4 valittu \u2013 valinnanvaraa l\u00f6ytyy! Majoitus: <a href=\"https:\/\/www.hotelbonottodesenzano.it\/en\/index\" target=\"_blank\" rel=\"noopener\">Hotel Bonotto<\/a>.<\/p>\t\t\t\t\t\t\t\t<\/div>\n\t\t\t\t<\/div>\n\t\t\t\t<\/div>\n\t\t\t\t<\/div>\n\t\t<div class=\"elementor-element elementor-element-9e675d7 e-con-full e-flex e-con e-child\" data-id=\"9e675d7\" data-element_type=\"container\" data-e-type=\"container\">\n\t\t\t\t<div class=\"elementor-element elementor-element-286a875 elementor-widget elementor-widget-image\" data-id=\"286a875\" data-element_type=\"widget\" data-e-type=\"widget\" data-widget_type=\"image.default\">\n\t\t\t\t<div class=\"elementor-widget-container\">\n\t\t\t\t\t\t\t\t\t\t\t\t<figure class=\"wp-caption\">\n\t\t\t\t\t\t\t\t\t\t<img decoding=\"async\" width=\"768\" height=\"513\" src=\"https:\/\/www.ingves.fi\/wp-content\/uploads\/2025\/09\/Desenzano-del-Garda-768x513.jpg\" class=\"attachment-medium_large size-medium_large wp-image-3435\" alt=\"\" srcset=\"https:\/\/www.ingves.fi\/wp-content\/uploads\/2025\/09\/Desenzano-del-Garda-768x513.jpg 768w, https:\/\/www.ingves.fi\/wp-content\/uploads\/2025\/09\/Desenzano-del-Garda-300x200.jpg 300w, https:\/\/www.ingves.fi\/wp-content\/uploads\/2025\/09\/Desenzano-del-Garda-1024x683.jpg 1024w, https:\/\/www.ingves.fi\/wp-content\/uploads\/2025\/09\/Desenzano-del-Garda-1536x1025.jpg 1536w, https:\/\/www.ingves.fi\/wp-content\/uploads\/2025\/09\/Desenzano-del-Garda-2048x1367.jpg 2048w\" sizes=\"(max-width: 768px) 100vw, 768px\" \/>\t\t\t\t\t\t\t\t\t\t\t<figcaption class=\"widget-image-caption wp-caption-text\">Desenzano del Garda<\/figcaption>\n\t\t\t\t\t\t\t\t\t\t<\/figure>\n\t\t\t\t\t\t\t\t\t<\/div>\n\t\t\t\t<\/div>\n\t\t\t\t<\/div>\n\t\t\t\t\t<\/div>\n\t\t\t\t<\/div>\n\t\t<div class=\"elementor-element elementor-element-6c54e00 e-flex e-con-boxed e-con e-parent\" data-id=\"6c54e00\" data-element_type=\"container\" data-e-type=\"container\">\n\t\t\t\t\t<div class=\"e-con-inner\">\n\t\t<div class=\"elementor-element elementor-element-711882b e-con-full e-flex e-con e-child\" data-id=\"711882b\" data-element_type=\"container\" data-e-type=\"container\">\n\t\t<div class=\"elementor-element elementor-element-d866198 e-con-full e-flex e-con e-child\" data-id=\"d866198\" data-element_type=\"container\" data-e-type=\"container\">\n\t\t\t\t<div class=\"elementor-element elementor-element-ade1400 elementor-widget elementor-widget-text-editor\" data-id=\"ade1400\" data-element_type=\"widget\" data-e-type=\"widget\" data-widget_type=\"text-editor.default\">\n\t\t\t\t<div class=\"elementor-widget-container\">\n\t\t\t\t\t\t\t\t\t<h3>P\u00e4iv\u00e4 4. Gardaj\u00e4rven kierros<\/h3><p>Aamiaisen j\u00e4lkeen l\u00e4hdemme bussilla kohti pohjoista. Noin 1,5 tunnin ajomatkan aikana n\u00e4emme rannikolla sijaitsevia pieni\u00e4 kyli\u00e4. Saavumme Riva del Gardaan, joka on Gardaj\u00e4rven pohjoisin kaupunki. Teemme pienen k\u00e4velyn ja nousemme linjalaivaan. Noin puolen tunnin laivamatkan j\u00e4lkeen saavumme j\u00e4rven l\u00e4nsirannikolla sijaitsevaan Limoneen. Pienen kaupunkikierroksen aikana n\u00e4emme kauniita palatseja, jylhi\u00e4 maisemia, ihania putiikkeja ja basaareja, runsain m\u00e4\u00e4rin j\u00e4\u00e4tel\u00f6baareja ja ravintoloita. K\u00e4velykierroksen j\u00e4lkeen on vapaata aikaa ennen lounasta. Matka jatkuu, nousemme linjalaivaan ja suuntaamme j\u00e4rven it\u00e4rannikolla sijaitsevaan Malcesineen, jossa teemme k\u00e4velykierroksen. Vapaata aikaa ostosten tekoon. Maisemat ovat todella upeat!<\/p>\t\t\t\t\t\t\t\t<\/div>\n\t\t\t\t<\/div>\n\t\t\t\t<\/div>\n\t\t\t\t<\/div>\n\t\t<div class=\"elementor-element elementor-element-acc2abb e-con-full e-flex e-con e-child\" data-id=\"acc2abb\" data-element_type=\"container\" data-e-type=\"container\">\n\t\t\t\t<div class=\"elementor-element elementor-element-a136b94 elementor-widget elementor-widget-image\" data-id=\"a136b94\" data-element_type=\"widget\" data-e-type=\"widget\" data-widget_type=\"image.default\">\n\t\t\t\t<div class=\"elementor-widget-container\">\n\t\t\t\t\t\t\t\t\t\t\t\t<figure class=\"wp-caption\">\n\t\t\t\t\t\t\t\t\t\t<img loading=\"lazy\" decoding=\"async\" width=\"768\" height=\"512\" src=\"https:\/\/www.ingves.fi\/wp-content\/uploads\/2025\/09\/Malcesine-panoramic-768x512.jpg\" class=\"attachment-medium_large size-medium_large wp-image-3451\" alt=\"\" srcset=\"https:\/\/www.ingves.fi\/wp-content\/uploads\/2025\/09\/Malcesine-panoramic-768x512.jpg 768w, https:\/\/www.ingves.fi\/wp-content\/uploads\/2025\/09\/Malcesine-panoramic-300x200.jpg 300w, https:\/\/www.ingves.fi\/wp-content\/uploads\/2025\/09\/Malcesine-panoramic-1024x683.jpg 1024w, https:\/\/www.ingves.fi\/wp-content\/uploads\/2025\/09\/Malcesine-panoramic-1536x1024.jpg 1536w, https:\/\/www.ingves.fi\/wp-content\/uploads\/2025\/09\/Malcesine-panoramic-2048x1365.jpg 2048w\" sizes=\"(max-width: 768px) 100vw, 768px\" \/>\t\t\t\t\t\t\t\t\t\t\t<figcaption class=\"widget-image-caption wp-caption-text\">Malcesine<\/figcaption>\n\t\t\t\t\t\t\t\t\t\t<\/figure>\n\t\t\t\t\t\t\t\t\t<\/div>\n\t\t\t\t<\/div>\n\t\t\t\t<\/div>\n\t\t\t\t\t<\/div>\n\t\t\t\t<\/div>\n\t\t<div class=\"elementor-element elementor-element-a2ff05b e-flex e-con-boxed e-con e-parent\" data-id=\"a2ff05b\" data-element_type=\"container\" data-e-type=\"container\">\n\t\t\t\t\t<div class=\"e-con-inner\">\n\t\t<div class=\"elementor-element elementor-element-0f2662e e-con-full e-flex e-con e-child\" data-id=\"0f2662e\" data-element_type=\"container\" data-e-type=\"container\">\n\t\t<div class=\"elementor-element elementor-element-1d558b6 e-con-full e-flex e-con e-child\" data-id=\"1d558b6\" data-element_type=\"container\" data-e-type=\"container\">\n\t\t\t\t<div class=\"elementor-element elementor-element-c6fbcda elementor-widget elementor-widget-text-editor\" data-id=\"c6fbcda\" data-element_type=\"widget\" data-e-type=\"widget\" data-widget_type=\"text-editor.default\">\n\t\t\t\t<div class=\"elementor-widget-container\">\n\t\t\t\t\t\t\t\t\t<h3>P\u00e4iv\u00e4 5. Vapaap\u00e4iv\u00e4 tai retki Veronaan<\/h3><p>Vuorossa vapaap\u00e4iv\u00e4 tai Verona, joka sis\u00e4ltyy lis\u00e4maksulliseen retkipakettiin. Verona on yksi Unescon maailmanperint\u00f6kohteista. Retkeen sis\u00e4ltyy kaupunkik\u00e4velyn lis\u00e4ksi lounas ja paluumatkalla viinitilavierailu maistiaisineen. Ajamme Veronan kaupunkiin, jonne saavumme vajaan tunnin ajomatkan j\u00e4lkeen. Tutustumme Romeon ja Julian kaupunkiin, jossa romanttinen tarina el\u00e4\u00e4 yh\u00e4 voimakkaasti, ja siit\u00e4 muistuttaa kuuluisa Julian parveke. N\u00e4emme my\u00f6s Antiikin ajan Colosseumin kaltaisen areenan, joka on vuotuisten oopperafestivaalien tapahtumapaikka. Nautimme yhteisen lounaan. P\u00e4iv\u00e4n aikana on my\u00f6s vapaata aikaa. Veronasta suuntaamme viinikanttiiniin, jossa saamme maistiaisia ja jossa on mahdollisuus my\u00f6s ostaa talon tuotteita. Retkeen kuuluvaa viinitilaa ei ole viel\u00e4 valittu. Vierailun j\u00e4lkeen paluu Desenzanoon. Ilta vapaa.<\/p>\t\t\t\t\t\t\t\t<\/div>\n\t\t\t\t<\/div>\n\t\t\t\t<\/div>\n\t\t\t\t<\/div>\n\t\t<div class=\"elementor-element elementor-element-a4f10ef e-con-full e-flex e-con e-child\" data-id=\"a4f10ef\" data-element_type=\"container\" data-e-type=\"container\">\n\t\t\t\t<div class=\"elementor-element elementor-element-aa95c59 elementor-widget elementor-widget-image\" data-id=\"aa95c59\" data-element_type=\"widget\" data-e-type=\"widget\" data-widget_type=\"image.default\">\n\t\t\t\t<div class=\"elementor-widget-container\">\n\t\t\t\t\t\t\t\t\t\t\t\t<figure class=\"wp-caption\">\n\t\t\t\t\t\t\t\t\t\t<img loading=\"lazy\" decoding=\"async\" width=\"768\" height=\"458\" src=\"https:\/\/www.ingves.fi\/wp-content\/uploads\/2025\/09\/Verona_italien_italia_bro_silta-768x458.jpg\" class=\"attachment-medium_large size-medium_large wp-image-3441\" alt=\"\" srcset=\"https:\/\/www.ingves.fi\/wp-content\/uploads\/2025\/09\/Verona_italien_italia_bro_silta-768x458.jpg 768w, https:\/\/www.ingves.fi\/wp-content\/uploads\/2025\/09\/Verona_italien_italia_bro_silta-300x179.jpg 300w, https:\/\/www.ingves.fi\/wp-content\/uploads\/2025\/09\/Verona_italien_italia_bro_silta-1024x611.jpg 1024w, https:\/\/www.ingves.fi\/wp-content\/uploads\/2025\/09\/Verona_italien_italia_bro_silta.jpg 1400w\" sizes=\"(max-width: 768px) 100vw, 768px\" \/>\t\t\t\t\t\t\t\t\t\t\t<figcaption class=\"widget-image-caption wp-caption-text\">Verona<\/figcaption>\n\t\t\t\t\t\t\t\t\t\t<\/figure>\n\t\t\t\t\t\t\t\t\t<\/div>\n\t\t\t\t<\/div>\n\t\t\t\t<\/div>\n\t\t\t\t\t<\/div>\n\t\t\t\t<\/div>\n\t\t<div class=\"elementor-element elementor-element-8069bff e-con-full e-flex e-con e-parent\" data-id=\"8069bff\" data-element_type=\"container\" data-e-type=\"container\">\n\t\t<div class=\"elementor-element elementor-element-dc49742 e-con-full e-flex e-con e-child\" data-id=\"dc49742\" data-element_type=\"container\" data-e-type=\"container\">\n\t\t<div class=\"elementor-element elementor-element-d776dd1 e-con-full e-flex e-con e-child\" data-id=\"d776dd1\" data-element_type=\"container\" data-e-type=\"container\">\n\t\t\t\t<div class=\"elementor-element elementor-element-b3afef7 elementor-widget elementor-widget-text-editor\" data-id=\"b3afef7\" data-element_type=\"widget\" data-e-type=\"widget\" data-widget_type=\"text-editor.default\">\n\t\t\t\t<div class=\"elementor-widget-container\">\n\t\t\t\t\t\t\t\t\t<h3>P\u00e4iv\u00e4 6. Alppireitti\u00e4\u00a0Bolzanoon ja Vipitenoon<\/h3><p>Aamiaisen j\u00e4lkeen pakkaamme tavarat bussiin kaikessa rauhassa ja suuntaamme kohti pohjoisinta Italiaa ja Etel\u00e4-Tirolia. Luvassa on huimia Alppimaisemia. Ajamme viljavan Adigen laakson halki kulkevaa Brenneron solan tiet\u00e4. Ajomatkan aikana n\u00e4emme runsain m\u00e4\u00e4rin hedelm\u00e4- ja viinitarhoja. Maisemassa pujottelee Adige-joki. Laaksoa reunustavat vuoret nousevat aina vaan korkeammalle kohti taivaita. Ohitamme Trenton kaupungin. Reilun tunnin ajomatkan j\u00e4lkeen saavumme Bolzanoon, joka on sijaintinsa puolesta ollut kautta aikojen t\u00e4rke\u00e4 kauppakaupunki. Bolzanon alue on virallisesti kaksikielinen ja yli puolet sen v\u00e4est\u00f6st\u00e4 puhuu saksaa kotikielen\u00e4\u00e4n. Teemme pienen yhteisen k\u00e4velykierroksen kaupungin vanhassa keskustassa, jonka j\u00e4lkeen on vapaata aikaa nauttia lounas. Halukkailla on mahdollisuus menn\u00e4 kaupungin arkeologiseen museoon ihmettelem\u00e4\u00e4n vuonna 1991 l\u00f6ytynytt\u00e4 muumiota, \u201dj\u00e4\u00e4mies\u201d \u00d6tsi\u00e4, jonka tiedet\u00e4\u00e4n el\u00e4neen 3.300 v eKr. My\u00f6hemmin iltap\u00e4iv\u00e4ll\u00e4 matkamme jatkuu Bolzanosta Vipitenoon, pieneen etel\u00e4tirolilaiseen kyl\u00e4\u00e4n, jossa viet\u00e4mme y\u00f6n ja nautimme tirolilaisen illallisen. Majapaikkamme on <a href=\"https:\/\/www.hotel-rosskopf.it\/it\/\" target=\"_blank\" rel=\"noopener\">Hotel Rosskopf<\/a>.<\/p>\t\t\t\t\t\t\t\t<\/div>\n\t\t\t\t<\/div>\n\t\t\t\t<\/div>\n\t\t\t\t<\/div>\n\t\t<div class=\"elementor-element elementor-element-fb348f3 e-con-full e-flex e-con e-child\" data-id=\"fb348f3\" data-element_type=\"container\" data-e-type=\"container\">\n\t\t\t\t<div class=\"elementor-element elementor-element-6b87d64 elementor-widget elementor-widget-image\" data-id=\"6b87d64\" data-element_type=\"widget\" data-e-type=\"widget\" data-widget_type=\"image.default\">\n\t\t\t\t<div class=\"elementor-widget-container\">\n\t\t\t\t\t\t\t\t\t\t\t\t<figure class=\"wp-caption\">\n\t\t\t\t\t\t\t\t\t\t<img loading=\"lazy\" decoding=\"async\" width=\"768\" height=\"432\" src=\"https:\/\/www.ingves.fi\/wp-content\/uploads\/2025\/09\/bolzano-estate-paesaggio-768x432.jpg\" class=\"attachment-medium_large size-medium_large wp-image-3444\" alt=\"\" srcset=\"https:\/\/www.ingves.fi\/wp-content\/uploads\/2025\/09\/bolzano-estate-paesaggio-768x432.jpg 768w, https:\/\/www.ingves.fi\/wp-content\/uploads\/2025\/09\/bolzano-estate-paesaggio-300x169.jpg 300w, https:\/\/www.ingves.fi\/wp-content\/uploads\/2025\/09\/bolzano-estate-paesaggio-1024x576.jpg 1024w, https:\/\/www.ingves.fi\/wp-content\/uploads\/2025\/09\/bolzano-estate-paesaggio-1536x864.jpg 1536w, https:\/\/www.ingves.fi\/wp-content\/uploads\/2025\/09\/bolzano-estate-paesaggio.jpg 1920w\" sizes=\"(max-width: 768px) 100vw, 768px\" \/>\t\t\t\t\t\t\t\t\t\t\t<figcaption class=\"widget-image-caption wp-caption-text\">Bolzano<\/figcaption>\n\t\t\t\t\t\t\t\t\t\t<\/figure>\n\t\t\t\t\t\t\t\t\t<\/div>\n\t\t\t\t<\/div>\n\t\t\t\t<\/div>\n\t\t\t\t<\/div>\n\t\t<div class=\"elementor-element elementor-element-6b88464 e-flex e-con-boxed e-con e-parent\" data-id=\"6b88464\" data-element_type=\"container\" data-e-type=\"container\">\n\t\t\t\t\t<div class=\"e-con-inner\">\n\t\t<div class=\"elementor-element elementor-element-574ff74 e-con-full e-flex e-con e-child\" data-id=\"574ff74\" data-element_type=\"container\" data-e-type=\"container\">\n\t\t<div class=\"elementor-element elementor-element-f33c179 e-con-full e-flex e-con e-child\" data-id=\"f33c179\" data-element_type=\"container\" data-e-type=\"container\">\n\t\t\t\t<div class=\"elementor-element elementor-element-d653bce elementor-widget elementor-widget-text-editor\" data-id=\"d653bce\" data-element_type=\"widget\" data-e-type=\"widget\" data-widget_type=\"text-editor.default\">\n\t\t\t\t<div class=\"elementor-widget-container\">\n\t\t\t\t\t\t\t\t\t<h3>P\u00e4iv\u00e4 7. Kotimatka alkaa<\/h3><p>Aamiaisen j\u00e4lkeen luovutamme huoneet ja pakkaamme matkalaukut bussiin. Viet\u00e4mme aamup\u00e4iv\u00e4n Vipitenon pieness\u00e4 keskustassa. Alueella\u00a0on vahva saksankielinen kulttuuriperint\u00f6, ja kaupungin toinen nimi on saksakielinen Sterzing.\u00a0Vapaa lounas, jonka j\u00e4lkeen l\u00e4hdemme hiljalleen kohti M\u00fcncheni\u00e4. Matkalla ylit\u00e4mme It\u00e4vallan rajan ja ajamme Eurooppasillan yli. Matka jatkuu ja ohitamme mm. Innsbrukin. Ajomatkaan menee noin 3 tuntia. Finnairin lento l\u00e4htee M\u00fcnchenist\u00e4 klo 18.50.<\/p>\t\t\t\t\t\t\t\t<\/div>\n\t\t\t\t<\/div>\n\t\t\t\t<\/div>\n\t\t\t\t<\/div>\n\t\t<div class=\"elementor-element elementor-element-4162c6c e-con-full e-flex e-con e-child\" data-id=\"4162c6c\" data-element_type=\"container\" data-e-type=\"container\">\n\t\t\t\t<div class=\"elementor-element elementor-element-00bcd29 elementor-widget elementor-widget-video\" data-id=\"00bcd29\" data-element_type=\"widget\" data-e-type=\"widget\" data-settings=\"{&quot;youtube_url&quot;:&quot;https:\\\/\\\/youtu.be\\\/8H6ylOJDD4Q&quot;,&quot;video_type&quot;:&quot;youtube&quot;,&quot;controls&quot;:&quot;yes&quot;}\" data-widget_type=\"video.default\">\n\t\t\t\t<div class=\"elementor-widget-container\">\n\t\t\t\t\t\t\t<div class=\"elementor-wrapper elementor-open-inline\">\n\t\t\t<div class=\"elementor-video\"><\/div>\t\t<\/div>\n\t\t\t\t\t\t<\/div>\n\t\t\t\t<\/div>\n\t\t\t\t<\/div>\n\t\t\t\t\t<\/div>\n\t\t\t\t<\/div>\n\t\t<div class=\"elementor-element elementor-element-28dd853 e-flex e-con-boxed e-con e-parent\" data-id=\"28dd853\" data-element_type=\"container\" data-e-type=\"container\">\n\t\t\t\t\t<div class=\"e-con-inner\">\n\t\t\t\t<div class=\"elementor-element elementor-element-3d0c701 elementor-widget-divider--view-line elementor-widget elementor-widget-divider\" data-id=\"3d0c701\" data-element_type=\"widget\" data-e-type=\"widget\" data-widget_type=\"divider.default\">\n\t\t\t\t<div class=\"elementor-widget-container\">\n\t\t\t\t\t\t\t<div class=\"elementor-divider\">\n\t\t\t<span class=\"elementor-divider-separator\">\n\t\t\t\t\t\t<\/span>\n\t\t<\/div>\n\t\t\t\t\t\t<\/div>\n\t\t\t\t<\/div>\n\t\t\t\t<div class=\"elementor-element elementor-element-824d5e5 elementor-widget elementor-widget-menu-anchor\" data-id=\"824d5e5\" data-element_type=\"widget\" data-e-type=\"widget\" data-widget_type=\"menu-anchor.default\">\n\t\t\t\t<div class=\"elementor-widget-container\">\n\t\t\t\t\t\t\t<div class=\"elementor-menu-anchor\" id=\"vastaava-garda\"><\/div>\n\t\t\t\t\t\t<\/div>\n\t\t\t\t<\/div>\n\t\t\t\t\t<\/div>\n\t\t\t\t<\/div>\n\t\t<div class=\"elementor-element elementor-element-6497e19 e-flex e-con-boxed e-con e-parent\" data-id=\"6497e19\" data-element_type=\"container\" data-e-type=\"container\">\n\t\t\t\t\t<div class=\"e-con-inner\">\n\t\t<div class=\"elementor-element elementor-element-bfdf90c e-con-full e-flex e-con e-child\" data-id=\"bfdf90c\" data-element_type=\"container\" data-e-type=\"container\">\n\t\t<div class=\"elementor-element elementor-element-b432a14 e-con-full e-flex e-con e-child\" data-id=\"b432a14\" data-element_type=\"container\" data-e-type=\"container\">\n\t\t\t\t<div class=\"elementor-element elementor-element-eff937c elementor-widget elementor-widget-heading\" data-id=\"eff937c\" data-element_type=\"widget\" data-e-type=\"widget\" data-widget_type=\"heading.default\">\n\t\t\t\t<div class=\"elementor-widget-container\">\n\t\t\t\t\t<h2 class=\"elementor-heading-title elementor-size-default\">Tulevat matkat Italian j\u00e4rviseudulle<\/h2>\t\t\t\t<\/div>\n\t\t\t\t<\/div>\n\t\t\t\t<div class=\"elementor-element elementor-element-750abc5 elementor-widget elementor-widget-text-editor\" data-id=\"750abc5\" data-element_type=\"widget\" data-e-type=\"widget\" data-widget_type=\"text-editor.default\">\n\t\t\t\t<div class=\"elementor-widget-container\">\n\t\t\t\t\t\t\t\t\t<p>Teemme s\u00e4\u00e4nn\u00f6llisesti matkoja alueelle etenkin kev\u00e4isin ja syksyisin. Mik\u00e4li alla ei ole vastaavia matkoja esill\u00e4, ei niit\u00e4 ole viel\u00e4 julkaistu. <span style=\"font-size: 1rem;\">Jos edustat matkoista kiinnostunutta ryhm\u00e4\u00e4, ja t\u00e4m\u00e4 matka tai vastaava kiinnostaa, <\/span><a style=\"background-color: #ffffff; font-size: 1rem;\" href=\"https:\/\/www.ingves.fi\/fi\/ryhmamatkat\/\">ota yhteytt\u00e4<\/a><span style=\"font-size: 1rem;\">.<br \/><\/span><span style=\"font-size: 1rem;\"><a style=\"background-color: #ffffff; font-size: 1rem;\" href=\"#alkuun\">Takaisin alkuun<\/a>.<br \/><\/span><\/p>\t\t\t\t\t\t\t\t<\/div>\n\t\t\t\t<\/div>\n\t\t\t\t<\/div>\n\t\t\t\t<\/div>\n\t\t\t\t\t<\/div>\n\t\t\t\t<\/div>\n\t\t<div class=\"elementor-element elementor-element-22949ea e-flex e-con-boxed e-con e-parent\" data-id=\"22949ea\" data-element_type=\"container\" data-e-type=\"container\">\n\t\t\t\t\t<div class=\"e-con-inner\">\n\t\t\t\t<div class=\"elementor-element elementor-element-342e5d4 elementor-widget elementor-widget-wptravelengine-trips-list\" data-id=\"342e5d4\" data-element_type=\"widget\" data-e-type=\"widget\" data-widget_type=\"wptravelengine-trips-list.default\">\n\t\t\t\t<div class=\"elementor-widget-container\">\n\t\t\t\t\tNo trips available. Please add a new trip.\t\t\t\t<\/div>\n\t\t\t\t<\/div>\n\t\t\t\t\t<\/div>\n\t\t\t\t<\/div>\n\t\t\t\t<\/div>\n\t\t","protected":false},"excerpt":{"rendered":"<p>Monipuolinen matkakohde Ainutlaatuisen luonnon ja miellytt\u00e4v\u00e4n ilmaston vuoksi Alppien suojassa sijaitsevat Pohjois-Italian j\u00e4rvet ovat Italian suosituimpia matkailukohteita. J\u00e4rvet kiemurtelevat korkeiden vuorten v\u00e4liss\u00e4, ja alueen maaper\u00e4 on rehev\u00e4. Majoitumme pieneen ja idylliseen Stresan kaupunkiin Lago Maggioren rannalla sek\u00e4 Desenzano del Gardaan, joka sijaitsee Gardaj\u00e4rven etel\u00e4osassa. Viimeisen y\u00f6n viet\u00e4mme Etel\u00e4-Tirolissa sijaitsevassa Vipitenon pikkukyl\u00e4ss\u00e4, josta on helppo l\u00e4hte\u00e4 [&hellip;]<\/p>\n","protected":false},"author":11,"featured_media":0,"parent":0,"menu_order":0,"comment_status":"closed","ping_status":"closed","template":"","meta":{"footnotes":""},"class_list":["post-3425","page","type-page","status-publish","hentry"],"_links":{"self":[{"href":"https:\/\/www.ingves.fi\/fi\/wp-json\/wp\/v2\/pages\/3425","targetHints":{"allow":["GET"]}}],"collection":[{"href":"https:\/\/www.ingves.fi\/fi\/wp-json\/wp\/v2\/pages"}],"about":[{"href":"https:\/\/www.ingves.fi\/fi\/wp-json\/wp\/v2\/types\/page"}],"author":[{"embeddable":true,"href":"https:\/\/www.ingves.fi\/fi\/wp-json\/wp\/v2\/users\/11"}],"replies":[{"embeddable":true,"href":"https:\/\/www.ingves.fi\/fi\/wp-json\/wp\/v2\/comments?post=3425"}],"version-history":[{"count":37,"href":"https:\/\/www.ingves.fi\/fi\/wp-json\/wp\/v2\/pages\/3425\/revisions"}],"predecessor-version":[{"id":3788,"href":"https:\/\/www.ingves.fi\/fi\/wp-json\/wp\/v2\/pages\/3425\/revisions\/3788"}],"wp:attachment":[{"href":"https:\/\/www.ingves.fi\/fi\/wp-json\/wp\/v2\/media?parent=3425"}],"curies":[{"name":"wp","href":"https:\/\/api.w.org\/{rel}","templated":true}]}}