{"id":3393,"date":"2025-09-28T18:19:46","date_gmt":"2025-09-28T15:19:46","guid":{"rendered":"https:\/\/www.ingves.fi\/?page_id=3393"},"modified":"2025-10-02T14:12:34","modified_gmt":"2025-10-02T11:12:34","slug":"italian-jarvialue-garda-como-maggiore","status":"publish","type":"page","link":"https:\/\/www.ingves.fi\/fi\/italian-jarvialue-garda-como-maggiore\/","title":{"rendered":"Italian j\u00e4rvialue"},"content":{"rendered":"\t\t<div data-elementor-type=\"wp-page\" data-elementor-id=\"3393\" class=\"elementor elementor-3393\" data-elementor-post-type=\"page\">\n\t\t\t\t<div class=\"elementor-element elementor-element-27e7809c e-flex e-con-boxed e-con e-parent\" data-id=\"27e7809c\" data-element_type=\"container\" data-e-type=\"container\">\n\t\t\t\t\t<div class=\"e-con-inner\">\n\t\t\t\t<div class=\"elementor-element elementor-element-48819169 elementor-widget elementor-widget-heading\" data-id=\"48819169\" data-element_type=\"widget\" data-e-type=\"widget\" data-widget_type=\"heading.default\">\n\t\t\t\t<div class=\"elementor-widget-container\">\n\t\t\t\t\t<h2 class=\"elementor-heading-title elementor-size-default\">Alppien juurella, el\u00e4mysten \u00e4\u00e4rell\u00e4<\/h2>\t\t\t\t<\/div>\n\t\t\t\t<\/div>\n\t\t\t\t\t<\/div>\n\t\t\t\t<\/div>\n\t\t<div class=\"elementor-element elementor-element-2ffe9399 e-flex e-con-boxed e-con e-parent\" data-id=\"2ffe9399\" data-element_type=\"container\" data-e-type=\"container\">\n\t\t\t\t\t<div class=\"e-con-inner\">\n\t\t<div class=\"elementor-element elementor-element-25fa8f92 e-con-full e-flex e-con e-child\" data-id=\"25fa8f92\" data-element_type=\"container\" data-e-type=\"container\">\n\t\t\t\t<div class=\"elementor-element elementor-element-42852c09 elementor-widget elementor-widget-image\" data-id=\"42852c09\" data-element_type=\"widget\" data-e-type=\"widget\" data-widget_type=\"image.default\">\n\t\t\t\t<div class=\"elementor-widget-container\">\n\t\t\t\t\t\t\t\t\t\t\t\t\t\t\t<img fetchpriority=\"high\" decoding=\"async\" width=\"800\" height=\"330\" src=\"https:\/\/www.ingves.fi\/wp-content\/uploads\/2025\/09\/garda-high-1024x423.jpg\" class=\"attachment-large size-large wp-image-3400\" alt=\"\" srcset=\"https:\/\/www.ingves.fi\/wp-content\/uploads\/2025\/09\/garda-high-1024x423.jpg 1024w, https:\/\/www.ingves.fi\/wp-content\/uploads\/2025\/09\/garda-high-300x124.jpg 300w, https:\/\/www.ingves.fi\/wp-content\/uploads\/2025\/09\/garda-high-768x318.jpg 768w, https:\/\/www.ingves.fi\/wp-content\/uploads\/2025\/09\/garda-high-1536x635.jpg 1536w, https:\/\/www.ingves.fi\/wp-content\/uploads\/2025\/09\/garda-high-2048x847.jpg 2048w\" sizes=\"(max-width: 800px) 100vw, 800px\" \/>\t\t\t\t\t\t\t\t\t\t\t\t\t\t\t<\/div>\n\t\t\t\t<\/div>\n\t\t\t\t<\/div>\n\t\t<div class=\"elementor-element elementor-element-164fbb7a e-con-full e-flex e-con e-child\" data-id=\"164fbb7a\" data-element_type=\"container\" data-e-type=\"container\">\n\t\t\t\t<div class=\"elementor-element elementor-element-4bfaa1c5 elementor-widget__width-initial elementor-widget elementor-widget-text-editor\" data-id=\"4bfaa1c5\" data-element_type=\"widget\" data-e-type=\"widget\" data-widget_type=\"text-editor.default\">\n\t\t\t\t<div class=\"elementor-widget-container\">\n\t\t\t\t\t\t\t\t\t<h4>Italian j\u00e4rvialue on Pohjois-Italian helmi, jossa luonnon kauneus, vahva kulttuuriperint\u00f6 ja kulinaristiset el\u00e4mykset kohtaavat ainutlaatuisella tavalla. Garda-, Maggiore- ja Comoj\u00e4rvi tarjoavat matkailijalle maisemia, jotka ovat kuin postikortista.\u00a0<\/h4>\t\t\t\t\t\t\t\t<\/div>\n\t\t\t\t<\/div>\n\t\t\t\t<\/div>\n\t\t\t\t\t<\/div>\n\t\t\t\t<\/div>\n\t\t<div class=\"elementor-element elementor-element-2f4df78d e-flex e-con-boxed e-con e-parent\" data-id=\"2f4df78d\" data-element_type=\"container\" data-e-type=\"container\">\n\t\t\t\t\t<div class=\"e-con-inner\">\n\t\t<div class=\"elementor-element elementor-element-49fb2131 e-con-full e-flex e-con e-child\" data-id=\"49fb2131\" data-element_type=\"container\" data-e-type=\"container\">\n\t\t\t\t<div class=\"elementor-element elementor-element-57f4c639 elementor-widget elementor-widget-text-editor\" data-id=\"57f4c639\" data-element_type=\"widget\" data-e-type=\"widget\" data-widget_type=\"text-editor.default\">\n\t\t\t\t<div class=\"elementor-widget-container\">\n\t\t\t\t\t\t\t\t\t<p><strong>Lento Milanoon \u2013 jatko mukavasti omalla bussillamme<\/strong><\/p><p>Yleens\u00e4 lenn\u00e4mme esimerkiksi Milanoon, joka sijaitsee k\u00e4tev\u00e4sti Italian j\u00e4rvialueen keskiosassa. Milanosta jatkamme matkaa Suomesta tuodulla linja-autollamme, joka kulkee mukana koko reissun ajan. Olemme j\u00e4rjest\u00e4neet matkoja alueelle jo yli 30 vuoden ajan \u2013 ja osa kuljettajistamme tuntee seudun niin hyvin, ett\u00e4 he voisivat aivan hyvin toimia matkaoppaina <img decoding=\"async\" class=\"emoji\" role=\"img\" draggable=\"false\" src=\"https:\/\/s.w.org\/images\/core\/emoji\/16.0.1\/svg\/1f609.svg\" alt=\"\ud83d\ude09\" \/><\/p>\t\t\t\t\t\t\t\t<\/div>\n\t\t\t\t<\/div>\n\t\t<div class=\"elementor-element elementor-element-ac718a9 e-con-full e-flex e-con e-child\" data-id=\"ac718a9\" data-element_type=\"container\" data-e-type=\"container\">\n\t\t<div class=\"elementor-element elementor-element-dc4be09 e-con-full e-flex e-con e-child\" data-id=\"dc4be09\" data-element_type=\"container\" data-e-type=\"container\">\n\t\t\t\t<div class=\"elementor-element elementor-element-8a5cc7f elementor-alert-success elementor-widget__width-initial elementor-widget elementor-widget-alert\" data-id=\"8a5cc7f\" data-element_type=\"widget\" data-e-type=\"widget\" data-widget_type=\"alert.default\">\n\t\t\t\t<div class=\"elementor-widget-container\">\n\t\t\t\t\t\t\t<div class=\"elementor-alert\" role=\"alert\">\n\n\t\t\t\t\t\t<span class=\"elementor-alert-title\">Esimerkkimatka<\/span>\n\t\t\t\n\t\t\t\t\t\t<span class=\"elementor-alert-description\"><a href=\"https:\/\/www.ingves.fi\/fi\/lumoava-gardajarvi-ja-lago-maggiore\/\">Lumoava Gardaj\u00e4rvi ja Lago Maggiore<\/a><\/span>\n\t\t\t\n\t\t\t\t\t\t<button type=\"button\" class=\"elementor-alert-dismiss\" aria-label=\"Dismiss this alert.\">\n\t\t\t\t<svg aria-hidden=\"true\" class=\"e-font-icon-svg e-far-map\" viewBox=\"0 0 576 512\" xmlns=\"http:\/\/www.w3.org\/2000\/svg\"><path d=\"M560.02 32c-1.96 0-3.98.37-5.96 1.16L384.01 96H384L212 35.28A64.252 64.252 0 0 0 191.76 32c-6.69 0-13.37 1.05-19.81 3.14L20.12 87.95A32.006 32.006 0 0 0 0 117.66v346.32C0 473.17 7.53 480 15.99 480c1.96 0 3.97-.37 5.96-1.16L192 416l172 60.71a63.98 63.98 0 0 0 40.05.15l151.83-52.81A31.996 31.996 0 0 0 576 394.34V48.02c0-9.19-7.53-16.02-15.98-16.02zM224 90.42l128 45.19v285.97l-128-45.19V90.42zM48 418.05V129.07l128-44.53v286.2l-.64.23L48 418.05zm480-35.13l-128 44.53V141.26l.64-.24L528 93.95v288.97z\"><\/path><\/svg>\t\t\t<\/button>\n\t\t\t\n\t\t<\/div>\n\t\t\t\t\t\t<\/div>\n\t\t\t\t<\/div>\n\t\t\t\t<\/div>\n\t\t<div class=\"elementor-element elementor-element-734d504 e-con-full e-flex e-con e-child\" data-id=\"734d504\" data-element_type=\"container\" data-e-type=\"container\">\n\t\t\t\t<div class=\"elementor-element elementor-element-c929026 elementor-alert-success elementor-widget__width-initial elementor-widget elementor-widget-alert\" data-id=\"c929026\" data-element_type=\"widget\" data-e-type=\"widget\" data-widget_type=\"alert.default\">\n\t\t\t\t<div class=\"elementor-widget-container\">\n\t\t\t\t\t\t\t<div class=\"elementor-alert\" role=\"alert\">\n\n\t\t\t\t\t\t<span class=\"elementor-alert-title\">Muut kohteet<\/span>\n\t\t\t\n\t\t\t\t\t\t<span class=\"elementor-alert-description\"><a href=\"https:\/\/www.ingves.fi\/fi\/kohteet\/\">Matkailuvinkkej\u00e4 ja inspiraatiota<\/a>\n<br>\n<a href=\"https:\/\/www.ingves.fi\/fi\/matkat\/\">Suomenkieliset matkamme<\/a>\n<br>\n<a href=\"https:\/\/www.ingves.fi\">Ruotsinkieliset maktakamme<\/a><\/span>\n\t\t\t\n\t\t\t\t\t\t<button type=\"button\" class=\"elementor-alert-dismiss\" aria-label=\"Dismiss this alert.\">\n\t\t\t\t<svg aria-hidden=\"true\" class=\"e-font-icon-svg e-far-map\" viewBox=\"0 0 576 512\" xmlns=\"http:\/\/www.w3.org\/2000\/svg\"><path d=\"M560.02 32c-1.96 0-3.98.37-5.96 1.16L384.01 96H384L212 35.28A64.252 64.252 0 0 0 191.76 32c-6.69 0-13.37 1.05-19.81 3.14L20.12 87.95A32.006 32.006 0 0 0 0 117.66v346.32C0 473.17 7.53 480 15.99 480c1.96 0 3.97-.37 5.96-1.16L192 416l172 60.71a63.98 63.98 0 0 0 40.05.15l151.83-52.81A31.996 31.996 0 0 0 576 394.34V48.02c0-9.19-7.53-16.02-15.98-16.02zM224 90.42l128 45.19v285.97l-128-45.19V90.42zM48 418.05V129.07l128-44.53v286.2l-.64.23L48 418.05zm480-35.13l-128 44.53V141.26l.64-.24L528 93.95v288.97z\"><\/path><\/svg>\t\t\t<\/button>\n\t\t\t\n\t\t<\/div>\n\t\t\t\t\t\t<\/div>\n\t\t\t\t<\/div>\n\t\t\t\t<\/div>\n\t\t\t\t<\/div>\n\t\t\t\t<\/div>\n\t\t<div class=\"elementor-element elementor-element-2ebcb47e e-con-full e-flex e-con e-child\" data-id=\"2ebcb47e\" data-element_type=\"container\" data-e-type=\"container\">\n\t\t\t\t<div class=\"elementor-element elementor-element-e07cf69 elementor-widget elementor-widget-shortcode\" data-id=\"e07cf69\" data-element_type=\"widget\" data-e-type=\"widget\" data-widget_type=\"shortcode.default\">\n\t\t\t\t<div class=\"elementor-widget-container\">\n\t\t\t\t\t\t\t<div class=\"elementor-shortcode\"><iframe src=\"https:\/\/www.google.com\/maps\/embed?pb=!1m46!1m12!1m3!1d1430803.7076981408!2d8.875715436107729!3d45.5394919571398!2m3!1f0!2f0!3f0!3m2!1i1024!2i768!4f13.1!4m31!3e0!4m5!1s0x4785da3000663d91%3A0x57dee83627ca92ee!2sMaggiorej%C3%A4rvi!3m2!1d45.967621799999996!2d8.6532586!4m5!1s0x47843d32820b62f7%3A0x3e40c4eae898e1e0!2sComo%2C%20Italia!3m2!1d46.0160486!2d9.257167599999999!4m5!1s0x4786c1493f1275e7%3A0x3cffcd13c6740e8d!2sMilano%2C%20Italia!3m2!1d45.468503!2d9.182402699999999!4m5!1s0x4781eca8aec020b9%3A0x91dcf07c1c969bb8!2sGardaj%C3%A4rvi%2C%20Italia!3m2!1d45.604938499999996!2d10.6351414!4m5!1s0x478216d064ddabad%3A0x6b1bdbb2c3674ca3!2sRiva%20del%20Garda%2C%2038066%20Trentino%2C%20Italia!3m2!1d45.8893165!2d10.8431111!5e0!3m2!1sfi!2sfi!4v1759084962263!5m2!1sfi!2sfi\" width=\"600\" height=\"450\" style=\"border:0;\" allowfullscreen=\"\" loading=\"lazy\" referrerpolicy=\"no-referrer-when-downgrade\"><\/iframe><\/div>\n\t\t\t\t\t\t<\/div>\n\t\t\t\t<\/div>\n\t\t\t\t<\/div>\n\t\t\t\t\t<\/div>\n\t\t\t\t<\/div>\n\t\t<div class=\"elementor-element elementor-element-b37e48a e-flex e-con-boxed e-con e-parent\" data-id=\"b37e48a\" data-element_type=\"container\" data-e-type=\"container\">\n\t\t\t\t\t<div class=\"e-con-inner\">\n\t\t<div class=\"elementor-element elementor-element-e3e5563 e-con-full e-flex e-con e-child\" data-id=\"e3e5563\" data-element_type=\"container\" data-e-type=\"container\">\n\t\t\t\t<div class=\"elementor-element elementor-element-a0bcf7e elementor-widget elementor-widget-text-editor\" data-id=\"a0bcf7e\" data-element_type=\"widget\" data-e-type=\"widget\" data-widget_type=\"text-editor.default\">\n\t\t\t\t<div class=\"elementor-widget-container\">\n\t\t\t\t\t\t\t\t\t<p><strong>Garda-j\u00e4rvi \u2013 monipuolinen ja el\u00e4v\u00e4inen<\/strong><\/p><p>Italian suurin j\u00e4rvi hurmaa viiniviljelmill\u00e4, historiallisilla kylill\u00e4 ja kirkasvetisill\u00e4 rannoillaan. Sirmionen linna, Malcesinen k\u00f6ysirata ja rantabulevardit kutsuvat niin aktiivimatkailijaa kuin nautiskelijaa. J\u00e4rjest\u00e4mme veneretki\u00e4, kierr\u00e4mme j\u00e4rve\u00e4 ja ajelemme aluetta reunustavilla vuorilla.<\/p>\t\t\t\t\t\t\t\t<\/div>\n\t\t\t\t<\/div>\n\t\t\t\t<\/div>\n\t\t<div class=\"elementor-element elementor-element-b93badf e-con-full e-flex e-con e-child\" data-id=\"b93badf\" data-element_type=\"container\" data-e-type=\"container\">\n\t\t\t\t<div class=\"elementor-element elementor-element-f651d89 elementor-widget elementor-widget-video\" data-id=\"f651d89\" data-element_type=\"widget\" data-e-type=\"widget\" data-settings=\"{&quot;youtube_url&quot;:&quot;https:\\\/\\\/youtu.be\\\/lJ5g4iV1q1U&quot;,&quot;video_type&quot;:&quot;youtube&quot;,&quot;controls&quot;:&quot;yes&quot;}\" data-widget_type=\"video.default\">\n\t\t\t\t<div class=\"elementor-widget-container\">\n\t\t\t\t\t\t\t<div class=\"elementor-wrapper elementor-open-inline\">\n\t\t\t<div class=\"elementor-video\"><\/div>\t\t<\/div>\n\t\t\t\t\t\t<\/div>\n\t\t\t\t<\/div>\n\t\t\t\t<\/div>\n\t\t\t\t\t<\/div>\n\t\t\t\t<\/div>\n\t\t<div class=\"elementor-element elementor-element-215580f0 e-flex e-con-boxed e-con e-parent\" data-id=\"215580f0\" data-element_type=\"container\" data-e-type=\"container\">\n\t\t\t\t\t<div class=\"e-con-inner\">\n\t\t<div class=\"elementor-element elementor-element-635998ac e-con-full e-flex e-con e-child\" data-id=\"635998ac\" data-element_type=\"container\" data-e-type=\"container\">\n\t\t\t\t<div class=\"elementor-element elementor-element-2ae412cf elementor-widget elementor-widget-text-editor\" data-id=\"2ae412cf\" data-element_type=\"widget\" data-e-type=\"widget\" data-widget_type=\"text-editor.default\">\n\t\t\t\t<div class=\"elementor-widget-container\">\n\t\t\t\t\t\t\t\t\t<p><strong>Maggiore-j\u00e4rvi \u2013 eleganssia ja rauhaa<\/strong><\/p><p>Maggiore-j\u00e4rvi tunnetaan Borromeo-suvun saarista, puutarhoista ja 1800-luvun huviloista. Alueen tunnelma on rauhallinen ja hienostunut \u2013 t\u00e4ydellinen rentoutumiseen ja kulttuurin ihailuun. L\u00f6ytyyp\u00e4 t\u00e4\u00e4lt\u00e4 my\u00f6s George Clooneyn huvila, jonka ohi joskus liu\u2019umme vesitse.<\/p>\t\t\t\t\t\t\t\t<\/div>\n\t\t\t\t<\/div>\n\t\t\t\t<\/div>\n\t\t<div class=\"elementor-element elementor-element-ba2493a e-con-full e-flex e-con e-child\" data-id=\"ba2493a\" data-element_type=\"container\" data-e-type=\"container\">\n\t\t\t\t<div class=\"elementor-element elementor-element-6df87597 elementor-widget elementor-widget-image\" data-id=\"6df87597\" data-element_type=\"widget\" data-e-type=\"widget\" data-widget_type=\"image.default\">\n\t\t\t\t<div class=\"elementor-widget-container\">\n\t\t\t\t\t\t\t\t\t\t\t\t<figure class=\"wp-caption\">\n\t\t\t\t\t\t\t\t\t\t<img decoding=\"async\" width=\"768\" height=\"512\" src=\"https:\/\/www.ingves.fi\/wp-content\/uploads\/2025\/09\/isola-bella-15-768x512.jpg\" class=\"attachment-medium_large size-medium_large wp-image-3406\" alt=\"\" srcset=\"https:\/\/www.ingves.fi\/wp-content\/uploads\/2025\/09\/isola-bella-15-768x512.jpg 768w, https:\/\/www.ingves.fi\/wp-content\/uploads\/2025\/09\/isola-bella-15-300x200.jpg 300w, https:\/\/www.ingves.fi\/wp-content\/uploads\/2025\/09\/isola-bella-15-1024x683.jpg 1024w, https:\/\/www.ingves.fi\/wp-content\/uploads\/2025\/09\/isola-bella-15-1536x1024.jpg 1536w, https:\/\/www.ingves.fi\/wp-content\/uploads\/2025\/09\/isola-bella-15-2048x1365.jpg 2048w\" sizes=\"(max-width: 768px) 100vw, 768px\" \/>\t\t\t\t\t\t\t\t\t\t\t<figcaption class=\"widget-image-caption wp-caption-text\">Isola Bella -saari Maggiore-j\u00e4rvell\u00e4<\/figcaption>\n\t\t\t\t\t\t\t\t\t\t<\/figure>\n\t\t\t\t\t\t\t\t\t<\/div>\n\t\t\t\t<\/div>\n\t\t\t\t<\/div>\n\t\t\t\t\t<\/div>\n\t\t\t\t<\/div>\n\t\t<div class=\"elementor-element elementor-element-3bc97f4 e-flex e-con-boxed e-con e-parent\" data-id=\"3bc97f4\" data-element_type=\"container\" data-e-type=\"container\">\n\t\t\t\t\t<div class=\"e-con-inner\">\n\t\t<div class=\"elementor-element elementor-element-7ba6dcf4 e-con-full e-flex e-con e-child\" data-id=\"7ba6dcf4\" data-element_type=\"container\" data-e-type=\"container\">\n\t\t\t\t<div class=\"elementor-element elementor-element-52580a34 elementor-widget elementor-widget-text-editor\" data-id=\"52580a34\" data-element_type=\"widget\" data-e-type=\"widget\" data-widget_type=\"text-editor.default\">\n\t\t\t\t<div class=\"elementor-widget-container\">\n\t\t\t\t\t\t\t\t\t<p><strong>Como-j\u00e4rvi \u2013 ripaus ylellist\u00e4 el\u00e4m\u00e4\u00e4 jylhiss\u00e4 maisemissa<\/strong><\/p><p>Jyrkk\u00e4rinteinen Como-j\u00e4rvi on suosittu elokuvien kuvauspaikka ja julkkisten kohtauspaikka, mutta tarjoaa my\u00f6s vaellusreittej\u00e4, veneretki\u00e4 ja pieni\u00e4 kyli\u00e4, joissa aika tuntuu pys\u00e4htyv\u00e4n. Maisemat ovat henke\u00e4salpaavat: vehre\u00e4t vuoret kohoavat suoraan j\u00e4rven rannasta, ja alueella on lukuisia vieh\u00e4tt\u00e4vi\u00e4 kyli\u00e4, kuten Bellagio, Varenna ja Menaggio. Comon kaupungissa voi ihastella upeaa tuomiokirkkoa (Duomo di Como), historiallisia huviloita ja vilkasta vanhaakaupunkia.<\/p>\t\t\t\t\t\t\t\t<\/div>\n\t\t\t\t<\/div>\n\t\t\t\t<\/div>\n\t\t<div class=\"elementor-element elementor-element-6f4b40a2 e-con-full e-flex e-con e-child\" data-id=\"6f4b40a2\" data-element_type=\"container\" data-e-type=\"container\">\n\t\t\t\t<div class=\"elementor-element elementor-element-7e9c004 elementor-widget elementor-widget-image\" data-id=\"7e9c004\" data-element_type=\"widget\" data-e-type=\"widget\" data-widget_type=\"image.default\">\n\t\t\t\t<div class=\"elementor-widget-container\">\n\t\t\t\t\t\t\t\t\t\t\t\t<figure class=\"wp-caption\">\n\t\t\t\t\t\t\t\t\t\t<img decoding=\"async\" width=\"768\" height=\"511\" src=\"https:\/\/www.ingves.fi\/wp-content\/uploads\/2025\/09\/varenna-lake-como-768x511.jpg\" class=\"attachment-medium_large size-medium_large wp-image-3409\" alt=\"\" srcset=\"https:\/\/www.ingves.fi\/wp-content\/uploads\/2025\/09\/varenna-lake-como-768x511.jpg 768w, https:\/\/www.ingves.fi\/wp-content\/uploads\/2025\/09\/varenna-lake-como-300x200.jpg 300w, https:\/\/www.ingves.fi\/wp-content\/uploads\/2025\/09\/varenna-lake-como-1024x681.jpg 1024w, https:\/\/www.ingves.fi\/wp-content\/uploads\/2025\/09\/varenna-lake-como-1536x1022.jpg 1536w, https:\/\/www.ingves.fi\/wp-content\/uploads\/2025\/09\/varenna-lake-como-2048x1363.jpg 2048w\" sizes=\"(max-width: 768px) 100vw, 768px\" \/>\t\t\t\t\t\t\t\t\t\t\t<figcaption class=\"widget-image-caption wp-caption-text\">Varenna, Como-j\u00e4rvi<\/figcaption>\n\t\t\t\t\t\t\t\t\t\t<\/figure>\n\t\t\t\t\t\t\t\t\t<\/div>\n\t\t\t\t<\/div>\n\t\t\t\t<\/div>\n\t\t\t\t\t<\/div>\n\t\t\t\t<\/div>\n\t\t\t\t<\/div>\n\t\t","protected":false},"excerpt":{"rendered":"<p>Alppien juurella, el\u00e4mysten \u00e4\u00e4rell\u00e4 Italian j\u00e4rvialue on Pohjois-Italian helmi, jossa luonnon kauneus, vahva kulttuuriperint\u00f6 ja kulinaristiset el\u00e4mykset kohtaavat ainutlaatuisella tavalla. Garda-, Maggiore- ja Comoj\u00e4rvi tarjoavat matkailijalle maisemia, jotka ovat kuin postikortista.\u00a0 Lento Milanoon \u2013 jatko mukavasti omalla bussillamme Yleens\u00e4 lenn\u00e4mme esimerkiksi Milanoon, joka sijaitsee k\u00e4tev\u00e4sti Italian j\u00e4rvialueen keskiosassa. Milanosta jatkamme matkaa Suomesta tuodulla linja-autollamme, joka [&hellip;]<\/p>\n","protected":false},"author":11,"featured_media":0,"parent":0,"menu_order":0,"comment_status":"closed","ping_status":"closed","template":"","meta":{"footnotes":""},"class_list":["post-3393","page","type-page","status-publish","hentry"],"_links":{"self":[{"href":"https:\/\/www.ingves.fi\/fi\/wp-json\/wp\/v2\/pages\/3393","targetHints":{"allow":["GET"]}}],"collection":[{"href":"https:\/\/www.ingves.fi\/fi\/wp-json\/wp\/v2\/pages"}],"about":[{"href":"https:\/\/www.ingves.fi\/fi\/wp-json\/wp\/v2\/types\/page"}],"author":[{"embeddable":true,"href":"https:\/\/www.ingves.fi\/fi\/wp-json\/wp\/v2\/users\/11"}],"replies":[{"embeddable":true,"href":"https:\/\/www.ingves.fi\/fi\/wp-json\/wp\/v2\/comments?post=3393"}],"version-history":[{"count":24,"href":"https:\/\/www.ingves.fi\/fi\/wp-json\/wp\/v2\/pages\/3393\/revisions"}],"predecessor-version":[{"id":3782,"href":"https:\/\/www.ingves.fi\/fi\/wp-json\/wp\/v2\/pages\/3393\/revisions\/3782"}],"wp:attachment":[{"href":"https:\/\/www.ingves.fi\/fi\/wp-json\/wp\/v2\/media?parent=3393"}],"curies":[{"name":"wp","href":"https:\/\/api.w.org\/{rel}","templated":true}]}}