{"id":3217,"date":"2025-09-26T09:31:20","date_gmt":"2025-09-26T06:31:20","guid":{"rendered":"https:\/\/www.ingves.fi\/?page_id=3217"},"modified":"2025-10-02T14:10:29","modified_gmt":"2025-10-02T11:10:29","slug":"balkanin-kolme-maata","status":"publish","type":"page","link":"https:\/\/www.ingves.fi\/fi\/balkanin-kolme-maata\/","title":{"rendered":"Balkanin kolme maata"},"content":{"rendered":"\t\t<div data-elementor-type=\"wp-page\" data-elementor-id=\"3217\" class=\"elementor elementor-3217\" data-elementor-post-type=\"page\">\n\t\t\t\t<div class=\"elementor-element elementor-element-478bf6cc e-flex e-con-boxed e-con e-parent\" data-id=\"478bf6cc\" data-element_type=\"container\" data-e-type=\"container\">\n\t\t\t\t\t<div class=\"e-con-inner\">\n\t\t\t\t<div class=\"elementor-element elementor-element-3ab6cb33 elementor-widget elementor-widget-heading\" data-id=\"3ab6cb33\" data-element_type=\"widget\" data-e-type=\"widget\" data-widget_type=\"heading.default\">\n\t\t\t\t<div class=\"elementor-widget-container\">\n\t\t\t\t\t<h2 class=\"elementor-heading-title elementor-size-default\"><p><b>Kiertomatka, jossa ehdit my\u00f6s pys\u00e4hty\u00e4<\/b><span><\/span><\/p><\/h2>\t\t\t\t<\/div>\n\t\t\t\t<\/div>\n\t\t\t\t\t<\/div>\n\t\t\t\t<\/div>\n\t\t<div class=\"elementor-element elementor-element-509c21c2 e-flex e-con-boxed e-con e-parent\" data-id=\"509c21c2\" data-element_type=\"container\" data-e-type=\"container\">\n\t\t\t\t\t<div class=\"e-con-inner\">\n\t\t<div class=\"elementor-element elementor-element-2c004c20 e-con-full e-flex e-con e-child\" data-id=\"2c004c20\" data-element_type=\"container\" data-e-type=\"container\">\n\t\t\t\t<div class=\"elementor-element elementor-element-26da0da1 elementor-widget elementor-widget-image\" data-id=\"26da0da1\" data-element_type=\"widget\" data-e-type=\"widget\" data-widget_type=\"image.default\">\n\t\t\t\t<div class=\"elementor-widget-container\">\n\t\t\t\t\t\t\t\t\t\t\t\t\t\t\t<img fetchpriority=\"high\" decoding=\"async\" width=\"768\" height=\"512\" src=\"https:\/\/www.ingves.fi\/wp-content\/uploads\/2025\/07\/Makarska-riviera-kroatien-kroatia-matka-768x512.jpg\" class=\"attachment-medium_large size-medium_large wp-image-705\" alt=\"\" srcset=\"https:\/\/www.ingves.fi\/wp-content\/uploads\/2025\/07\/Makarska-riviera-kroatien-kroatia-matka-768x512.jpg 768w, https:\/\/www.ingves.fi\/wp-content\/uploads\/2025\/07\/Makarska-riviera-kroatien-kroatia-matka-300x200.jpg 300w, https:\/\/www.ingves.fi\/wp-content\/uploads\/2025\/07\/Makarska-riviera-kroatien-kroatia-matka-1024x683.jpg 1024w, https:\/\/www.ingves.fi\/wp-content\/uploads\/2025\/07\/Makarska-riviera-kroatien-kroatia-matka.jpg 1366w\" sizes=\"(max-width: 768px) 100vw, 768px\" \/>\t\t\t\t\t\t\t\t\t\t\t\t\t\t\t<\/div>\n\t\t\t\t<\/div>\n\t\t\t\t<\/div>\n\t\t<div class=\"elementor-element elementor-element-79763f0d e-con-full e-flex e-con e-child\" data-id=\"79763f0d\" data-element_type=\"container\" data-e-type=\"container\">\n\t\t\t\t<div class=\"elementor-element elementor-element-aa55fca elementor-widget elementor-widget-menu-anchor\" data-id=\"aa55fca\" data-element_type=\"widget\" data-e-type=\"widget\" data-widget_type=\"menu-anchor.default\">\n\t\t\t\t<div class=\"elementor-widget-container\">\n\t\t\t\t\t\t\t<div class=\"elementor-menu-anchor\" id=\"alkuun\"><\/div>\n\t\t\t\t\t\t<\/div>\n\t\t\t\t<\/div>\n\t\t\t\t<div class=\"elementor-element elementor-element-5f40c390 elementor-widget__width-initial elementor-widget elementor-widget-text-editor\" data-id=\"5f40c390\" data-element_type=\"widget\" data-e-type=\"widget\" data-widget_type=\"text-editor.default\">\n\t\t\t\t<div class=\"elementor-widget-container\">\n\t\t\t\t\t\t\t\t\t<h4>T\u00e4ll\u00e4 matkalla koemme tukikohdastamme Dubrovnikista k\u00e4sin kolme mielenkiintoista maata Balkanin alueella. Montenegrossa tutuksi tulee kaunis, suorastaan henke\u00e4salpaava Kotorin lahti ja Bosniassa &amp; Hertzegovinassa taas kahtia jaettu Mostar. Lis\u00e4ksi k\u00e4ymme mm. mielenkiintoisella viinitilavierailulla ja mahdollisuus on my\u00f6s tehd\u00e4 meriretki Etel\u00e4-Kroatian saaristoon. Kroatiassa meid\u00e4t lumoaa pittoreski taianomainen Dubrovnik ja sen muurien ymp\u00e4r\u00f6im\u00e4 vanha kaupunki.<\/h4>\t\t\t\t\t\t\t\t<\/div>\n\t\t\t\t<\/div>\n\t\t\t\t<\/div>\n\t\t\t\t\t<\/div>\n\t\t\t\t<\/div>\n\t\t<div class=\"elementor-element elementor-element-39f2068 e-flex e-con-boxed e-con e-parent\" data-id=\"39f2068\" data-element_type=\"container\" data-e-type=\"container\">\n\t\t\t\t\t<div class=\"e-con-inner\">\n\t\t<div class=\"elementor-element elementor-element-4f80622 e-con-full e-flex e-con e-child\" data-id=\"4f80622\" data-element_type=\"container\" data-e-type=\"container\">\n\t\t<div class=\"elementor-element elementor-element-e10be39 e-con-full e-flex e-con e-child\" data-id=\"e10be39\" data-element_type=\"container\" data-e-type=\"container\">\n\t\t\t\t<div class=\"elementor-element elementor-element-6e15478 elementor-widget elementor-widget-heading\" data-id=\"6e15478\" data-element_type=\"widget\" data-e-type=\"widget\" data-widget_type=\"heading.default\">\n\t\t\t\t<div class=\"elementor-widget-container\">\n\t\t\t\t\t<h2 class=\"elementor-heading-title elementor-size-default\">Tietoja<\/h2>\t\t\t\t<\/div>\n\t\t\t\t<\/div>\n\t\t<div class=\"elementor-element elementor-element-bc48b97 e-con-full e-flex e-con e-child\" data-id=\"bc48b97\" data-element_type=\"container\" data-e-type=\"container\">\n\t\t<div class=\"elementor-element elementor-element-dd8b339 e-con-full e-flex e-con e-child\" data-id=\"dd8b339\" data-element_type=\"container\" data-e-type=\"container\">\n\t\t\t\t<div class=\"elementor-element elementor-element-7bd9963 elementor-alert-success elementor-widget__width-initial elementor-widget elementor-widget-alert\" data-id=\"7bd9963\" data-element_type=\"widget\" data-e-type=\"widget\" data-widget_type=\"alert.default\">\n\t\t\t\t<div class=\"elementor-widget-container\">\n\t\t\t\t\t\t\t<div class=\"elementor-alert\" role=\"alert\">\n\n\t\t\t\t\t\t<span class=\"elementor-alert-title\">Matkat alueelle<\/span>\n\t\t\t\n\t\t\t\t\t\t<span class=\"elementor-alert-description\"><a href=\"#vastaava-balkanin-3-maata\">Tarkista myynniss\u00e4 olevat matkat t\u00e4st\u00e4<\/a><\/span>\n\t\t\t\n\t\t\t\t\t\t<button type=\"button\" class=\"elementor-alert-dismiss\" aria-label=\"Dismiss this alert.\">\n\t\t\t\t<svg aria-hidden=\"true\" class=\"e-font-icon-svg e-far-map\" viewBox=\"0 0 576 512\" xmlns=\"http:\/\/www.w3.org\/2000\/svg\"><path d=\"M560.02 32c-1.96 0-3.98.37-5.96 1.16L384.01 96H384L212 35.28A64.252 64.252 0 0 0 191.76 32c-6.69 0-13.37 1.05-19.81 3.14L20.12 87.95A32.006 32.006 0 0 0 0 117.66v346.32C0 473.17 7.53 480 15.99 480c1.96 0 3.97-.37 5.96-1.16L192 416l172 60.71a63.98 63.98 0 0 0 40.05.15l151.83-52.81A31.996 31.996 0 0 0 576 394.34V48.02c0-9.19-7.53-16.02-15.98-16.02zM224 90.42l128 45.19v285.97l-128-45.19V90.42zM48 418.05V129.07l128-44.53v286.2l-.64.23L48 418.05zm480-35.13l-128 44.53V141.26l.64-.24L528 93.95v288.97z\"><\/path><\/svg>\t\t\t<\/button>\n\t\t\t\n\t\t<\/div>\n\t\t\t\t\t\t<\/div>\n\t\t\t\t<\/div>\n\t\t\t\t<\/div>\n\t\t<div class=\"elementor-element elementor-element-878ec24 e-con-full e-flex e-con e-child\" data-id=\"878ec24\" data-element_type=\"container\" data-e-type=\"container\">\n\t\t\t\t<div class=\"elementor-element elementor-element-a7cadda elementor-alert-success elementor-widget__width-initial elementor-widget elementor-widget-alert\" data-id=\"a7cadda\" data-element_type=\"widget\" data-e-type=\"widget\" data-widget_type=\"alert.default\">\n\t\t\t\t<div class=\"elementor-widget-container\">\n\t\t\t\t\t\t\t<div class=\"elementor-alert\" role=\"alert\">\n\n\t\t\t\t\t\t<span class=\"elementor-alert-title\">Muut kohteet<\/span>\n\t\t\t\n\t\t\t\t\t\t<span class=\"elementor-alert-description\"><a href=\"https:\/\/www.ingves.fi\/fi\/kohteet\/\">Matkailuvinkkej\u00e4 ja inspiraatiota<\/a>\n<br>\n<a href=\"https:\/\/www.ingves.fi\/fi\/matkat\/\">Suomenkieliset matkamme<\/a>\n<br>\n<a href=\"https:\/\/www.ingves.fi\">Ruotsinkieliset matkamme<\/a><\/span>\n\t\t\t\n\t\t\t\t\t\t<button type=\"button\" class=\"elementor-alert-dismiss\" aria-label=\"Dismiss this alert.\">\n\t\t\t\t<svg aria-hidden=\"true\" class=\"e-font-icon-svg e-far-map\" viewBox=\"0 0 576 512\" xmlns=\"http:\/\/www.w3.org\/2000\/svg\"><path d=\"M560.02 32c-1.96 0-3.98.37-5.96 1.16L384.01 96H384L212 35.28A64.252 64.252 0 0 0 191.76 32c-6.69 0-13.37 1.05-19.81 3.14L20.12 87.95A32.006 32.006 0 0 0 0 117.66v346.32C0 473.17 7.53 480 15.99 480c1.96 0 3.97-.37 5.96-1.16L192 416l172 60.71a63.98 63.98 0 0 0 40.05.15l151.83-52.81A31.996 31.996 0 0 0 576 394.34V48.02c0-9.19-7.53-16.02-15.98-16.02zM224 90.42l128 45.19v285.97l-128-45.19V90.42zM48 418.05V129.07l128-44.53v286.2l-.64.23L48 418.05zm480-35.13l-128 44.53V141.26l.64-.24L528 93.95v288.97z\"><\/path><\/svg>\t\t\t<\/button>\n\t\t\t\n\t\t<\/div>\n\t\t\t\t\t\t<\/div>\n\t\t\t\t<\/div>\n\t\t\t\t<\/div>\n\t\t\t\t<\/div>\n\t\t\t\t<\/div>\n\t\t<div class=\"elementor-element elementor-element-880a370 e-con-full e-flex e-con e-child\" data-id=\"880a370\" data-element_type=\"container\" data-e-type=\"container\">\n\t\t\t\t<div class=\"elementor-element elementor-element-281cff8 elementor-widget elementor-widget-shortcode\" data-id=\"281cff8\" data-element_type=\"widget\" data-e-type=\"widget\" data-widget_type=\"shortcode.default\">\n\t\t\t\t<div class=\"elementor-widget-container\">\n\t\t\t\t\t\t\t<div class=\"elementor-shortcode\"><iframe src=\"https:\/\/www.google.com\/maps\/embed?pb=!1m46!1m12!1m3!1d748421.4316398519!2d17.63013230608967!3d42.88294874921388!2m3!1f0!2f0!3f0!3m2!1i1024!2i768!4f13.1!4m31!3e0!4m5!1s0x134b8ba20835e87d%3A0x400ad50862bd500!2sDubrovnik%2C%20Kroatia!3m2!1d42.650660599999995!2d18.094423799999998!4m5!1s0x134c33063d70c91b%3A0x7a73f15e212e9306!2sKotor%2C%20Montenegro!3m2!1d42.424662!2d18.771234!4m5!1s0x134c196b2b1d60cb%3A0xaa1c066200b3f5fd!2sKonavle%2C%20Kroatia!3m2!1d42.5456668!2d18.3563972!4m5!1s0x134b8ba20835e87d%3A0x400ad50862bd500!2sDubrovnik%2C%20Kroatia!3m2!1d42.650660599999995!2d18.094423799999998!4m5!1s0x134b43a43b6340a9%3A0x14f32b2d4e37c5a!2sMostar%2C%20Bosnia%20ja%20Hertsegovina!3m2!1d43.3437748!2d17.8077578!5e0!3m2!1sfi!2sfi!4v1758876719127!5m2!1sfi!2sfi\" width=\"600\" height=\"450\" style=\"border:0;\" allowfullscreen=\"\" loading=\"lazy\" referrerpolicy=\"no-referrer-when-downgrade\"><\/iframe><\/div>\n\t\t\t\t\t\t<\/div>\n\t\t\t\t<\/div>\n\t\t\t\t<\/div>\n\t\t\t\t<\/div>\n\t\t\t\t\t<\/div>\n\t\t\t\t<\/div>\n\t\t<div class=\"elementor-element elementor-element-8f04a12 e-flex e-con-boxed e-con e-parent\" data-id=\"8f04a12\" data-element_type=\"container\" data-e-type=\"container\">\n\t\t\t\t\t<div class=\"e-con-inner\">\n\t\t\t\t<div class=\"elementor-element elementor-element-2a72b64b elementor-widget elementor-widget-text-editor\" data-id=\"2a72b64b\" data-element_type=\"widget\" data-e-type=\"widget\" data-widget_type=\"text-editor.default\">\n\t\t\t\t<div class=\"elementor-widget-container\">\n\t\t\t\t\t\t\t\t\t<p><strong>Esimerkkimatka<\/strong><\/p>\t\t\t\t\t\t\t\t<\/div>\n\t\t\t\t<\/div>\n\t\t\t\t\t<\/div>\n\t\t\t\t<\/div>\n\t\t<div class=\"elementor-element elementor-element-4b26e3ce e-flex e-con-boxed e-con e-parent\" data-id=\"4b26e3ce\" data-element_type=\"container\" data-e-type=\"container\">\n\t\t\t\t\t<div class=\"e-con-inner\">\n\t\t<div class=\"elementor-element elementor-element-15d39f30 e-con-full e-flex e-con e-child\" data-id=\"15d39f30\" data-element_type=\"container\" data-e-type=\"container\">\n\t\t\t\t<div class=\"elementor-element elementor-element-2426adbc elementor-widget elementor-widget-text-editor\" data-id=\"2426adbc\" data-element_type=\"widget\" data-e-type=\"widget\" data-widget_type=\"text-editor.default\">\n\t\t\t\t<div class=\"elementor-widget-container\">\n\t\t\t\t\t\t\t\t\t<h3>P\u00e4iv\u00e4 1. Suomi &#8211; Milano &#8211; Stresa (Lago Maggiore)<\/h3><p>Suomalainen linja-automme ja kuljettajamme ovat kent\u00e4ll\u00e4 vastassa. Matka jatkuu suomenkielisen oppaamme johdolla kohti Stresan pient\u00e4 kaupunkia, joka sijaitsee Piemonten puoleisella rannalla Lago Maggiorella. Aikaa kuluu reilu tunti. Mik\u00e4li hotellihuoneet eiv\u00e4t ole viel\u00e4 valmiit, teemme heti pienen tutustumiskierroksen Stresan keskustassa. Stresan hotellissa &#8211; Hotel Milan &amp; Speranza &#8211; meill\u00e4 on puolihoito, joten nautimme yhteisen illallisen.\u00a0<\/p>\t\t\t\t\t\t\t\t<\/div>\n\t\t\t\t<\/div>\n\t\t\t\t<\/div>\n\t\t<div class=\"elementor-element elementor-element-5b3b45d5 e-con-full e-flex e-con e-child\" data-id=\"5b3b45d5\" data-element_type=\"container\" data-e-type=\"container\">\n\t\t\t\t<div class=\"elementor-element elementor-element-1d501464 elementor-widget elementor-widget-image\" data-id=\"1d501464\" data-element_type=\"widget\" data-e-type=\"widget\" data-widget_type=\"image.default\">\n\t\t\t\t<div class=\"elementor-widget-container\">\n\t\t\t\t\t\t\t\t\t\t\t\t\t\t\t<img decoding=\"async\" width=\"768\" height=\"512\" src=\"https:\/\/www.ingves.fi\/wp-content\/uploads\/2025\/07\/dubrovnik-kroatien-kroatia-matkat-resor-768x512.jpg\" class=\"attachment-medium_large size-medium_large wp-image-693\" alt=\"\" srcset=\"https:\/\/www.ingves.fi\/wp-content\/uploads\/2025\/07\/dubrovnik-kroatien-kroatia-matkat-resor-768x512.jpg 768w, https:\/\/www.ingves.fi\/wp-content\/uploads\/2025\/07\/dubrovnik-kroatien-kroatia-matkat-resor-300x200.jpg 300w, https:\/\/www.ingves.fi\/wp-content\/uploads\/2025\/07\/dubrovnik-kroatien-kroatia-matkat-resor-1024x682.jpg 1024w, https:\/\/www.ingves.fi\/wp-content\/uploads\/2025\/07\/dubrovnik-kroatien-kroatia-matkat-resor.jpg 1400w\" sizes=\"(max-width: 768px) 100vw, 768px\" \/>\t\t\t\t\t\t\t\t\t\t\t\t\t\t\t<\/div>\n\t\t\t\t<\/div>\n\t\t\t\t<\/div>\n\t\t\t\t\t<\/div>\n\t\t\t\t<\/div>\n\t\t<div class=\"elementor-element elementor-element-7bf9cff e-flex e-con-boxed e-con e-parent\" data-id=\"7bf9cff\" data-element_type=\"container\" data-e-type=\"container\">\n\t\t\t\t\t<div class=\"e-con-inner\">\n\t\t<div class=\"elementor-element elementor-element-2982cbd e-con-full e-flex e-con e-child\" data-id=\"2982cbd\" data-element_type=\"container\" data-e-type=\"container\">\n\t\t\t\t<div class=\"elementor-element elementor-element-1619b212 elementor-widget elementor-widget-text-editor\" data-id=\"1619b212\" data-element_type=\"widget\" data-e-type=\"widget\" data-widget_type=\"text-editor.default\">\n\t\t\t\t<div class=\"elementor-widget-container\">\n\t\t\t\t\t\t\t\t\t<h3>P\u00e4iv\u00e4 2. Vapaata aikaa tai meriretki<\/h3><p>T\u00e4n\u00e4\u00e4n voi pit\u00e4\u00e4 vapaata tai l\u00e4hte\u00e4 el\u00e4mykselliselle meriretkelle l\u00e4hisaaristoon. Retken p\u00e4\u00e4teema on l\u00e4heinen meri ja laivalla nautitaan perinteinen lounas paikallisine herkkuineen, sek\u00e4 ruokajuomineen.<\/p>\t\t\t\t\t\t\t\t<\/div>\n\t\t\t\t<\/div>\n\t\t\t\t<\/div>\n\t\t<div class=\"elementor-element elementor-element-41b8d947 e-con-full e-flex e-con e-child\" data-id=\"41b8d947\" data-element_type=\"container\" data-e-type=\"container\">\n\t\t\t\t<div class=\"elementor-element elementor-element-58ad1b1e elementor-widget elementor-widget-image\" data-id=\"58ad1b1e\" data-element_type=\"widget\" data-e-type=\"widget\" data-widget_type=\"image.default\">\n\t\t\t\t<div class=\"elementor-widget-container\">\n\t\t\t\t\t\t\t\t\t\t\t\t\t\t\t<img decoding=\"async\" width=\"768\" height=\"313\" src=\"https:\/\/www.ingves.fi\/wp-content\/uploads\/2025\/09\/croatia-sea-archipelago-stripe-768x313.jpg\" class=\"attachment-medium_large size-medium_large wp-image-3220\" alt=\"\" srcset=\"https:\/\/www.ingves.fi\/wp-content\/uploads\/2025\/09\/croatia-sea-archipelago-stripe-768x313.jpg 768w, https:\/\/www.ingves.fi\/wp-content\/uploads\/2025\/09\/croatia-sea-archipelago-stripe-300x122.jpg 300w, https:\/\/www.ingves.fi\/wp-content\/uploads\/2025\/09\/croatia-sea-archipelago-stripe-1024x417.jpg 1024w, https:\/\/www.ingves.fi\/wp-content\/uploads\/2025\/09\/croatia-sea-archipelago-stripe.jpg 1440w\" sizes=\"(max-width: 768px) 100vw, 768px\" \/>\t\t\t\t\t\t\t\t\t\t\t\t\t\t\t<\/div>\n\t\t\t\t<\/div>\n\t\t\t\t<\/div>\n\t\t\t\t\t<\/div>\n\t\t\t\t<\/div>\n\t\t<div class=\"elementor-element elementor-element-5860fe94 e-flex e-con-boxed e-con e-parent\" data-id=\"5860fe94\" data-element_type=\"container\" data-e-type=\"container\">\n\t\t\t\t\t<div class=\"e-con-inner\">\n\t\t<div class=\"elementor-element elementor-element-493a64ee e-con-full e-flex e-con e-child\" data-id=\"493a64ee\" data-element_type=\"container\" data-e-type=\"container\">\n\t\t\t\t<div class=\"elementor-element elementor-element-14cd7cf elementor-widget elementor-widget-text-editor\" data-id=\"14cd7cf\" data-element_type=\"widget\" data-e-type=\"widget\" data-widget_type=\"text-editor.default\">\n\t\t\t\t<div class=\"elementor-widget-container\">\n\t\t\t\t\t\t\t\t\t<h3>P\u00e4iv\u00e4 3. Retki Montenegroon ja Kotorinlahdelle<\/h3><p>T\u00e4n\u00e4\u00e4n vuorossa on kokop\u00e4iv\u00e4retki Montenegroon ja Kotorinlahden rannalla sijaitsevaan Kotorin kaupunkiin. Rajanylitystilanteissa ovat suureksi avuksi kielitaitoinen oppaamme sek\u00e4 oma linja-automme. Maisemat ovat suorastaan h\u00e4kellytt\u00e4v\u00e4t, sill\u00e4 yli 90% Montenegron pinta-alasta on vuoristoa! Kotorissa teemme opastetun kaupunkik\u00e4velyn ja nautimme yhteisen lounaan ruokajuomineen. Paluu illaksi Kroatiaan ja Dubrovnikiin.<\/p>\t\t\t\t\t\t\t\t<\/div>\n\t\t\t\t<\/div>\n\t\t\t\t<\/div>\n\t\t<div class=\"elementor-element elementor-element-1e9c915d e-con-full e-flex e-con e-child\" data-id=\"1e9c915d\" data-element_type=\"container\" data-e-type=\"container\">\n\t\t\t\t<div class=\"elementor-element elementor-element-3d5b2c6b elementor-widget elementor-widget-image\" data-id=\"3d5b2c6b\" data-element_type=\"widget\" data-e-type=\"widget\" data-widget_type=\"image.default\">\n\t\t\t\t<div class=\"elementor-widget-container\">\n\t\t\t\t\t\t\t\t\t\t\t\t\t\t\t<img loading=\"lazy\" decoding=\"async\" width=\"768\" height=\"490\" src=\"https:\/\/www.ingves.fi\/wp-content\/uploads\/2025\/09\/Matkat-resor-montenegro-kotor-lahti-768x490.jpeg\" class=\"attachment-medium_large size-medium_large wp-image-3238\" alt=\"\" srcset=\"https:\/\/www.ingves.fi\/wp-content\/uploads\/2025\/09\/Matkat-resor-montenegro-kotor-lahti-768x490.jpeg 768w, https:\/\/www.ingves.fi\/wp-content\/uploads\/2025\/09\/Matkat-resor-montenegro-kotor-lahti-300x191.jpeg 300w, https:\/\/www.ingves.fi\/wp-content\/uploads\/2025\/09\/Matkat-resor-montenegro-kotor-lahti-1024x653.jpeg 1024w, https:\/\/www.ingves.fi\/wp-content\/uploads\/2025\/09\/Matkat-resor-montenegro-kotor-lahti-1536x980.jpeg 1536w, https:\/\/www.ingves.fi\/wp-content\/uploads\/2025\/09\/Matkat-resor-montenegro-kotor-lahti-2048x1307.jpeg 2048w\" sizes=\"(max-width: 768px) 100vw, 768px\" \/>\t\t\t\t\t\t\t\t\t\t\t\t\t\t\t<\/div>\n\t\t\t\t<\/div>\n\t\t\t\t<\/div>\n\t\t\t\t\t<\/div>\n\t\t\t\t<\/div>\n\t\t<div class=\"elementor-element elementor-element-2331ec9d e-flex e-con-boxed e-con e-parent\" data-id=\"2331ec9d\" data-element_type=\"container\" data-e-type=\"container\">\n\t\t\t\t\t<div class=\"e-con-inner\">\n\t\t<div class=\"elementor-element elementor-element-511cd916 e-con-full e-flex e-con e-child\" data-id=\"511cd916\" data-element_type=\"container\" data-e-type=\"container\">\n\t\t\t\t<div class=\"elementor-element elementor-element-50f5209e elementor-widget elementor-widget-text-editor\" data-id=\"50f5209e\" data-element_type=\"widget\" data-e-type=\"widget\" data-widget_type=\"text-editor.default\">\n\t\t\t\t<div class=\"elementor-widget-container\">\n\t\t\t\t\t\t\t\t\t<h3>P\u00e4iv\u00e4 4. Vapaa p\u00e4iv\u00e4 Dubrovnikissa<\/h3><p>T\u00e4m\u00e4 p\u00e4iv\u00e4 on vapaa. Opas Pirjo antaa vinkkej\u00e4 Dubrovnikin ja l\u00e4hialueiden tutustumisen ja kokemisen arvoisista paikoista.<\/p>\t\t\t\t\t\t\t\t<\/div>\n\t\t\t\t<\/div>\n\t\t\t\t<\/div>\n\t\t<div class=\"elementor-element elementor-element-2d5c69 e-con-full e-flex e-con e-child\" data-id=\"2d5c69\" data-element_type=\"container\" data-e-type=\"container\">\n\t\t\t\t<div class=\"elementor-element elementor-element-31a02743 elementor-widget elementor-widget-image\" data-id=\"31a02743\" data-element_type=\"widget\" data-e-type=\"widget\" data-widget_type=\"image.default\">\n\t\t\t\t<div class=\"elementor-widget-container\">\n\t\t\t\t\t\t\t\t\t\t\t\t\t\t\t<img loading=\"lazy\" decoding=\"async\" width=\"768\" height=\"512\" src=\"https:\/\/www.ingves.fi\/wp-content\/uploads\/2025\/09\/dubrovnik-matkat-resor-kroatien-kroatiaan-kroatia-1-768x512.jpg\" class=\"attachment-medium_large size-medium_large wp-image-3226\" alt=\"\" srcset=\"https:\/\/www.ingves.fi\/wp-content\/uploads\/2025\/09\/dubrovnik-matkat-resor-kroatien-kroatiaan-kroatia-1-768x512.jpg 768w, https:\/\/www.ingves.fi\/wp-content\/uploads\/2025\/09\/dubrovnik-matkat-resor-kroatien-kroatiaan-kroatia-1-300x200.jpg 300w, https:\/\/www.ingves.fi\/wp-content\/uploads\/2025\/09\/dubrovnik-matkat-resor-kroatien-kroatiaan-kroatia-1-1024x683.jpg 1024w, https:\/\/www.ingves.fi\/wp-content\/uploads\/2025\/09\/dubrovnik-matkat-resor-kroatien-kroatiaan-kroatia-1-1536x1024.jpg 1536w, https:\/\/www.ingves.fi\/wp-content\/uploads\/2025\/09\/dubrovnik-matkat-resor-kroatien-kroatiaan-kroatia-1-2048x1365.jpg 2048w\" sizes=\"(max-width: 768px) 100vw, 768px\" \/>\t\t\t\t\t\t\t\t\t\t\t\t\t\t\t<\/div>\n\t\t\t\t<\/div>\n\t\t\t\t<\/div>\n\t\t\t\t\t<\/div>\n\t\t\t\t<\/div>\n\t\t<div class=\"elementor-element elementor-element-1ad5f28 e-flex e-con-boxed e-con e-parent\" data-id=\"1ad5f28\" data-element_type=\"container\" data-e-type=\"container\">\n\t\t\t\t\t<div class=\"e-con-inner\">\n\t\t<div class=\"elementor-element elementor-element-fcabd4c e-con-full e-flex e-con e-child\" data-id=\"fcabd4c\" data-element_type=\"container\" data-e-type=\"container\">\n\t\t\t\t<div class=\"elementor-element elementor-element-64dcf20b elementor-widget elementor-widget-text-editor\" data-id=\"64dcf20b\" data-element_type=\"widget\" data-e-type=\"widget\" data-widget_type=\"text-editor.default\">\n\t\t\t\t<div class=\"elementor-widget-container\">\n\t\t\t\t\t\t\t\t\t<h3>P\u00e4iv\u00e4 5. Mostarin retki<\/h3><p>T\u00e4n\u00e4\u00e4n l\u00e4hdemme kokop\u00e4iv\u00e4retkelle Bosnia &amp; Herzegovinan Mostariin, joka on tunnettu sillastaan. Sodan aikana silta pommitettiin hajalle, mutta nykyaikana se on t\u00e4ysin entis\u00f6ity ja t\u00e4rke\u00e4 kaupungin symboli.<\/p><p>Mostarin t\u00e4rkeimpiin n\u00e4ht\u00e4vyyksiin voidaan sillan lis\u00e4ksi lukea ottomaanien aikainen vanha kaupunginosa ja t\u00e4\u00e4lt\u00e4 l\u00f6yd\u00e4mme minareettien lis\u00e4ksi basaarikujan, jossa on paljon vieh\u00e4tt\u00e4vi\u00e4 pieni\u00e4 kauppoja ja ravintoloita. P\u00e4iv\u00e4n aikana nautimme kolmen ruokalajin lounaan ruokajuomineen, koostuen paikallisista herkuista. Paluu illaksi Kroatiaan ja Dubrovnikiin.<\/p>\t\t\t\t\t\t\t\t<\/div>\n\t\t\t\t<\/div>\n\t\t\t\t<\/div>\n\t\t<div class=\"elementor-element elementor-element-77e670b9 e-con-full e-flex e-con e-child\" data-id=\"77e670b9\" data-element_type=\"container\" data-e-type=\"container\">\n\t\t\t\t<div class=\"elementor-element elementor-element-5c9dd4f0 elementor-widget elementor-widget-image\" data-id=\"5c9dd4f0\" data-element_type=\"widget\" data-e-type=\"widget\" data-widget_type=\"image.default\">\n\t\t\t\t<div class=\"elementor-widget-container\">\n\t\t\t\t\t\t\t\t\t\t\t\t\t\t\t<img loading=\"lazy\" decoding=\"async\" width=\"768\" height=\"432\" src=\"https:\/\/www.ingves.fi\/wp-content\/uploads\/2025\/09\/mostar-from-air-bosnien-bosnia-resa-matka-1-768x432.jpg\" class=\"attachment-medium_large size-medium_large wp-image-3229\" alt=\"\" srcset=\"https:\/\/www.ingves.fi\/wp-content\/uploads\/2025\/09\/mostar-from-air-bosnien-bosnia-resa-matka-1-768x432.jpg 768w, https:\/\/www.ingves.fi\/wp-content\/uploads\/2025\/09\/mostar-from-air-bosnien-bosnia-resa-matka-1-300x169.jpg 300w, https:\/\/www.ingves.fi\/wp-content\/uploads\/2025\/09\/mostar-from-air-bosnien-bosnia-resa-matka-1-1024x576.jpg 1024w, https:\/\/www.ingves.fi\/wp-content\/uploads\/2025\/09\/mostar-from-air-bosnien-bosnia-resa-matka-1.jpg 1400w\" sizes=\"(max-width: 768px) 100vw, 768px\" \/>\t\t\t\t\t\t\t\t\t\t\t\t\t\t\t<\/div>\n\t\t\t\t<\/div>\n\t\t\t\t<\/div>\n\t\t\t\t\t<\/div>\n\t\t\t\t<\/div>\n\t\t<div class=\"elementor-element elementor-element-9055539 e-flex e-con-boxed e-con e-parent\" data-id=\"9055539\" data-element_type=\"container\" data-e-type=\"container\">\n\t\t\t\t\t<div class=\"e-con-inner\">\n\t\t<div class=\"elementor-element elementor-element-a47fdae e-con-full e-flex e-con e-child\" data-id=\"a47fdae\" data-element_type=\"container\" data-e-type=\"container\">\n\t\t\t\t<div class=\"elementor-element elementor-element-a4b3ff2 elementor-widget elementor-widget-text-editor\" data-id=\"a4b3ff2\" data-element_type=\"widget\" data-e-type=\"widget\" data-widget_type=\"text-editor.default\">\n\t\t\t\t<div class=\"elementor-widget-container\">\n\t\t\t\t\t\t\t\t\t<h3>P\u00e4iv\u00e4 6. Kotimatkalle viinitilan kautta<\/h3><p>Aamiaisen j\u00e4lkeen pakkaamme laukkumme bussiin ja l\u00e4hdemme retkelle l\u00e4heiselle viinialueelle. Vierailemme Konavlen alueella Vodopic Vinan pienell\u00e4 viinitilalla (vuosituotanto on vain n. 5000 pulloa). Ilmakuivatun kinkun ja juuston kera maistelemme heid\u00e4n viinej\u00e4\u00e4n ja is\u00e4nt\u00e4 tarjoaa kenties my\u00f6s tilan erinomaista \u201dkotitekoista\u201d lik\u00f6\u00f6ri\u00e4. Em\u00e4nt\u00e4 taas esittelee h\u00e4nen upeita k\u00e4sit\u00f6it\u00e4\u00e4n, joita voi my\u00f6s ostaa mukaan. Mukavan vierailun j\u00e4lkeen ajamme Dubrovnikin lentoasemalle. Norwegianin suora lento Dubrovnikista l\u00e4htee klo 16.35 ja saavumme Helsinkiin klo 20.35.<\/p>\t\t\t\t\t\t\t\t<\/div>\n\t\t\t\t<\/div>\n\t\t\t\t<\/div>\n\t\t<div class=\"elementor-element elementor-element-775ec6e e-con-full e-flex e-con e-child\" data-id=\"775ec6e\" data-element_type=\"container\" data-e-type=\"container\">\n\t\t\t\t<div class=\"elementor-element elementor-element-80cd8ea elementor-widget elementor-widget-image\" data-id=\"80cd8ea\" data-element_type=\"widget\" data-e-type=\"widget\" data-widget_type=\"image.default\">\n\t\t\t\t<div class=\"elementor-widget-container\">\n\t\t\t\t\t\t\t\t\t\t\t\t\t\t\t<img loading=\"lazy\" decoding=\"async\" width=\"768\" height=\"512\" src=\"https:\/\/www.ingves.fi\/wp-content\/uploads\/2025\/09\/vino-768x512.jpeg\" class=\"attachment-medium_large size-medium_large wp-image-3232\" alt=\"\" srcset=\"https:\/\/www.ingves.fi\/wp-content\/uploads\/2025\/09\/vino-768x512.jpeg 768w, https:\/\/www.ingves.fi\/wp-content\/uploads\/2025\/09\/vino-300x200.jpeg 300w, https:\/\/www.ingves.fi\/wp-content\/uploads\/2025\/09\/vino-1024x683.jpeg 1024w, https:\/\/www.ingves.fi\/wp-content\/uploads\/2025\/09\/vino-1536x1024.jpeg 1536w, https:\/\/www.ingves.fi\/wp-content\/uploads\/2025\/09\/vino-2048x1365.jpeg 2048w\" sizes=\"(max-width: 768px) 100vw, 768px\" \/>\t\t\t\t\t\t\t\t\t\t\t\t\t\t\t<\/div>\n\t\t\t\t<\/div>\n\t\t\t\t<\/div>\n\t\t\t\t\t<\/div>\n\t\t\t\t<\/div>\n\t\t<div class=\"elementor-element elementor-element-61f5e07 e-flex e-con-boxed e-con e-parent\" data-id=\"61f5e07\" data-element_type=\"container\" data-e-type=\"container\">\n\t\t\t\t\t<div class=\"e-con-inner\">\n\t\t<div class=\"elementor-element elementor-element-74bca29 e-con-full e-flex e-con e-child\" data-id=\"74bca29\" data-element_type=\"container\" data-e-type=\"container\">\n\t\t<div class=\"elementor-element elementor-element-a3a5551 e-con-full e-flex e-con e-child\" data-id=\"a3a5551\" data-element_type=\"container\" data-e-type=\"container\">\n\t\t\t\t<div class=\"elementor-element elementor-element-18ff945 elementor-widget elementor-widget-menu-anchor\" data-id=\"18ff945\" data-element_type=\"widget\" data-e-type=\"widget\" data-widget_type=\"menu-anchor.default\">\n\t\t\t\t<div class=\"elementor-widget-container\">\n\t\t\t\t\t\t\t<div class=\"elementor-menu-anchor\" id=\"vastaava-balkanin-3-maata\"><\/div>\n\t\t\t\t\t\t<\/div>\n\t\t\t\t<\/div>\n\t\t\t\t<div class=\"elementor-element elementor-element-64c0416 elementor-widget elementor-widget-heading\" data-id=\"64c0416\" data-element_type=\"widget\" data-e-type=\"widget\" data-widget_type=\"heading.default\">\n\t\t\t\t<div class=\"elementor-widget-container\">\n\t\t\t\t\t<h2 class=\"elementor-heading-title elementor-size-default\">Tulevat matkat Balkanin alueelle<\/h2>\t\t\t\t<\/div>\n\t\t\t\t<\/div>\n\t\t\t\t<div class=\"elementor-element elementor-element-1cdf13b elementor-widget elementor-widget-text-editor\" data-id=\"1cdf13b\" data-element_type=\"widget\" data-e-type=\"widget\" data-widget_type=\"text-editor.default\">\n\t\t\t\t<div class=\"elementor-widget-container\">\n\t\t\t\t\t\t\t\t\t<p>Teemme s\u00e4\u00e4nn\u00f6llisesti matkoja alueelle etenkin kev\u00e4isin ja syksyisin. Mik\u00e4li alla ei ole vastaavia matkoja esill\u00e4, ei niit\u00e4 ole viel\u00e4 julkaistu. <span style=\"font-size: 1rem;\">Jos edustat matkoista kiinnostunutta ryhm\u00e4\u00e4, ja t\u00e4m\u00e4 matka tai vastaava kiinnostaa, <\/span><a style=\"background-color: #ffffff; font-size: 1rem;\" href=\"https:\/\/www.ingves.fi\/fi\/ryhmamatkat\/\">ota yhteytt\u00e4<\/a><span style=\"font-size: 1rem;\">.<br \/><\/span><span style=\"font-size: 1rem;\"><strong><a style=\"background-color: #ffffff; font-size: 1rem;\" href=\"#alkuun\">Takaisin alkuun<\/a>.<\/strong><br \/><\/span><\/p>\t\t\t\t\t\t\t\t<\/div>\n\t\t\t\t<\/div>\n\t\t\t\t<\/div>\n\t\t\t\t<\/div>\n\t\t\t\t\t<\/div>\n\t\t\t\t<\/div>\n\t\t<div class=\"elementor-element elementor-element-6059db7 e-flex e-con-boxed e-con e-parent\" data-id=\"6059db7\" data-element_type=\"container\" data-e-type=\"container\">\n\t\t\t\t\t<div class=\"e-con-inner\">\n\t\t\t\t<div class=\"elementor-element elementor-element-d235568 elementor-widget elementor-widget-wptravelengine-trips-list\" data-id=\"d235568\" data-element_type=\"widget\" data-e-type=\"widget\" data-widget_type=\"wptravelengine-trips-list.default\">\n\t\t\t\t<div class=\"elementor-widget-container\">\n\t\t\t\t\t\t\t\t<div class=\"wpte-trips-list wpte-elementor-widget layout-2\">\n\t\t\t\t<div class=\"wpte-grid\">\n\t\t\t\t\t<div class=\"wpte-card wpte-card--l-r wpte-col-num-2\" itemprop=\"itemListElement\" itemscope itemtype=\"http:\/\/schema.org\/ListItem\">\n\t<div class=\"wpte-card__wrap\">\n\t\t<div class=\"wpte-card__media\">\n\t\t\t\t\t\t\t\t\t<figure class=\"wpte-card__image\">\n\t\t\t\t\t\t\t\t<a href=\"https:\/\/www.ingves.fi\/fi\/matkat\/kulttuuri-ja-viinimatka-saksaan\/\" class=\"\">\n\t\t\t\t\t<img loading=\"lazy\" decoding=\"async\" width=\"374\" height=\"226\" src=\"https:\/\/www.ingves.fi\/wp-content\/uploads\/2025\/07\/wines-2665554_1920-374x226.jpg\" class=\"attachment-trip-thumb-size size-trip-thumb-size wp-post-image\" alt=\"\" \/>\t\t\t\t<\/a>\n\t\t\t<\/figure>\n\t\t\t\t\t\t\t    \n    <div class=\"category-trips-single\">\n        <span class=\"wishlist-title\"><\/span>\n        <a class=\"wishlist-toggle\" data-product=\"919\" title=\"Add to wishlist\">\n            <svg width=\"20\" height=\"19\" viewBox=\"0 0 20 19\" fill=\"none\" xmlns=\"http:\/\/www.w3.org\/2000\/svg\">\n                <path d=\"M10 19L8.55 17.7C6.86667 16.1834 5.475 14.875 4.375 13.775C3.275 12.675 2.4 11.6874 1.75 10.812C1.1 9.93736 0.646 9.13336 0.388 8.40002C0.129333 7.66669 0 6.91669 0 6.15002C0 4.58336 0.525 3.27502 1.575 2.22502C2.625 1.17502 3.93333 0.650024 5.5 0.650024C6.36667 0.650024 7.19167 0.833358 7.975 1.20002C8.75833 1.56669 9.43333 2.08336 10 2.75002C10.5667 2.08336 11.2417 1.56669 12.025 1.20002C12.8083 0.833358 13.6333 0.650024 14.5 0.650024C16.0667 0.650024 17.375 1.17502 18.425 2.22502C19.475 3.27502 20 4.58336 20 6.15002C20 6.91669 19.871 7.66669 19.613 8.40002C19.3543 9.13336 18.9 9.93736 18.25 10.812C17.6 11.6874 16.725 12.675 15.625 13.775C14.525 14.875 13.1333 16.1834 11.45 17.7L10 19Z\" fill=\"#C6C6C6\" \/>\n            <\/svg>\n        <\/a>\n    <\/div>\n    \t\t\t\t\t<\/div>\n\t\t<div class=\"wpte-card__content\">\n\t\t\t\t\t\t\t\t<div class=\"wpte-card__location\">\n\t\t\t\t\t\t            <span class=\"wpte-card__icon\">\n                <svg\n                    data-prefix=\"fas\" \n                    data-icon=\"map-marker\"  \n                    width=\"12\" \n                    height=\"15\" \n                    viewBox=\"0 0 12 15\" \n                    fill=\"none\" \n                    xmlns=\"http:\/\/www.w3.org\/2000\/svg\">\n                    <path d=\"M6 0C4.4087 0 2.88258 0.632141 1.75736 1.75736C0.632141 2.88258 0 4.4087 0 6C0 10.05 5.2875 14.625 5.5125 14.82C5.64835 14.9362 5.82124 15 6 15C6.17877 15 6.35165 14.9362 6.4875 14.82C6.75 14.625 12 10.05 12 6C12 4.4087 11.3679 2.88258 10.2426 1.75736C9.11742 0.632141 7.5913 0 6 0ZM6 13.2375C4.4025 11.7375 1.5 8.505 1.5 6C1.5 4.80653 1.97411 3.66193 2.81802 2.81802C3.66193 1.97411 4.80653 1.5 6 1.5C7.19347 1.5 8.33807 1.97411 9.18198 2.81802C10.0259 3.66193 10.5 4.80653 10.5 6C10.5 8.505 7.5975 11.745 6 13.2375ZM6 3C5.40666 3 4.82664 3.17595 4.33329 3.50559C3.83994 3.83524 3.45542 4.30377 3.22836 4.85195C3.0013 5.40013 2.94189 6.00333 3.05764 6.58527C3.1734 7.16721 3.45912 7.70176 3.87868 8.12132C4.29824 8.54088 4.83279 8.8266 5.41473 8.94236C5.99667 9.05811 6.59987 8.9987 7.14805 8.77164C7.69623 8.54458 8.16477 8.16006 8.49441 7.66671C8.82405 7.17336 9 6.59334 9 6C9 5.20435 8.68393 4.44129 8.12132 3.87868C7.55871 3.31607 6.79565 3 6 3ZM6 7.5C5.70333 7.5 5.41332 7.41203 5.16665 7.2472C4.91997 7.08238 4.72771 6.84811 4.61418 6.57403C4.50065 6.29994 4.47094 5.99834 4.52882 5.70736C4.5867 5.41639 4.72956 5.14912 4.93934 4.93934C5.14912 4.72956 5.41639 4.5867 5.70737 4.52882C5.99834 4.47094 6.29994 4.50065 6.57403 4.61418C6.84811 4.72771 7.08238 4.91997 7.2472 5.16665C7.41203 5.41332 7.5 5.70333 7.5 6C7.5 6.39782 7.34197 6.77936 7.06066 7.06066C6.77936 7.34196 6.39783 7.5 6 7.5Z\" fill=\"currentColor\"><\/path>\n                <\/svg>\n            <\/span>\n            \t\t\t\t\t\t<span><a rel=\"tag\" target=\"_self\" href=\"https:\/\/www.ingves.fi\/fi\/kohteet\/eurooppa\/\">Eurooppa<\/a><\/span>\n\t\t\t\t\t<\/div>\n\t\t\t\t\t\t\t\t\t<h2 class=\"wpte-card__title\" itemprop=\"name\">\n\t\t\t\t\t<a itemprop=\"url\" href=\"https:\/\/www.ingves.fi\/fi\/matkat\/kulttuuri-ja-viinimatka-saksaan\/\">Kulttuuri- ja viinimatka Saksaan 13.-21.10.2025<\/a>\n\t\t\t\t<\/h2>\n\t\t\t\t\t\t<div class=\"wpte-card__meta\">\n\t\t\t\t\n\t\t\t\t\t<div class=\"category trip-dur\">\n\t\t\t\t\t\t            <span class=\"wpte-card__icon\">\n                <svg width=\"24\" \n                    height=\"25\" \n                    viewBox=\"0 0 24 25\" \n                    fill=\"none\" \n                    xmlns=\"http:\/\/www.w3.org\/2000\/svg\">\n                    <g opacity=\"1\">\n                    <path d=\"M21 10.3018H3M16 2.30176V6.30176M8 2.30176V6.30176M7.8 22.3018H16.2C17.8802 22.3018 18.7202 22.3018 19.362 21.9748C19.9265 21.6872 20.3854 21.2282 20.673 20.6637C21 20.022 21 19.1819 21 17.5018V9.10176C21 7.4216 21 6.58152 20.673 5.93979C20.3854 5.3753 19.9265 4.91636 19.362 4.62874C18.7202 4.30176 17.8802 4.30176 16.2 4.30176H7.8C6.11984 4.30176 5.27976 4.30176 4.63803 4.62874C4.07354 4.91636 3.6146 5.3753 3.32698 5.93979C3 6.58152 3 7.4216 3 9.10176V17.5018C3 19.1819 3 20.022 3.32698 20.6637C3.6146 21.2282 4.07354 21.6872 4.63803 21.9748C5.27976 22.3018 6.11984 22.3018 7.8 22.3018Z\" stroke=\"currentColor\" stroke-width=\"1.39\" stroke-linecap=\"round\" stroke-linejoin=\"round\"\/>\n                    <\/g>\n                <\/svg>\n            <\/span>\n            \t\t\t\t\t\t<div class=\"wpte-card__meta-content\">\n\t\t\t\t\t\t\t\t\t\t\t\t\t\t\t<span class=\"wpte-card__meta-title\">Kesto<\/span>\n\t\t\t\t\t\t\t\t<span class=\"wpte-card__meta-value\">9 P\u00e4iv\u00e4\u00e4<\/span>\n\t\t\t\t\t\t<\/div>\n\t\t\t\t\t<\/div>\n\t\t\t\t\t\t\t<\/div>\n\t\t\t\t\t\t\t<div class=\"wpte-card__price wpte-card__price--layout-3\">\n\t\t\t\t\t\t\t\t\t\t\t<ins class=\"actual-price\"><span class=\"wpte-price\">2 095<\/span> <span class=\"wpte-currency-code\">&euro;<\/span><\/ins>\n\t\t\t\t\t\t\t\t\t<\/div>\t\n\t\t\t\t\t<\/div>\n\t<\/div>\n<\/div>\n\t\t\t\t<\/div><!-- .wte-adv-trips -->\n\t\t\t<\/div>\n\t\t\t\t\t\t<\/div>\n\t\t\t\t<\/div>\n\t\t\t\t\t<\/div>\n\t\t\t\t<\/div>\n\t\t\t\t<\/div>\n\t\t","protected":false},"excerpt":{"rendered":"<p>Kiertomatka, jossa ehdit my\u00f6s pys\u00e4hty\u00e4 T\u00e4ll\u00e4 matkalla koemme tukikohdastamme Dubrovnikista k\u00e4sin kolme mielenkiintoista maata Balkanin alueella. Montenegrossa tutuksi tulee kaunis, suorastaan henke\u00e4salpaava Kotorin lahti ja Bosniassa &amp; Hertzegovinassa taas kahtia jaettu Mostar. Lis\u00e4ksi k\u00e4ymme mm. mielenkiintoisella viinitilavierailulla ja mahdollisuus on my\u00f6s tehd\u00e4 meriretki Etel\u00e4-Kroatian saaristoon. Kroatiassa meid\u00e4t lumoaa pittoreski taianomainen Dubrovnik ja sen muurien ymp\u00e4r\u00f6im\u00e4 [&hellip;]<\/p>\n","protected":false},"author":11,"featured_media":0,"parent":0,"menu_order":0,"comment_status":"closed","ping_status":"closed","template":"","meta":{"footnotes":""},"class_list":["post-3217","page","type-page","status-publish","hentry"],"_links":{"self":[{"href":"https:\/\/www.ingves.fi\/fi\/wp-json\/wp\/v2\/pages\/3217","targetHints":{"allow":["GET"]}}],"collection":[{"href":"https:\/\/www.ingves.fi\/fi\/wp-json\/wp\/v2\/pages"}],"about":[{"href":"https:\/\/www.ingves.fi\/fi\/wp-json\/wp\/v2\/types\/page"}],"author":[{"embeddable":true,"href":"https:\/\/www.ingves.fi\/fi\/wp-json\/wp\/v2\/users\/11"}],"replies":[{"embeddable":true,"href":"https:\/\/www.ingves.fi\/fi\/wp-json\/wp\/v2\/comments?post=3217"}],"version-history":[{"count":28,"href":"https:\/\/www.ingves.fi\/fi\/wp-json\/wp\/v2\/pages\/3217\/revisions"}],"predecessor-version":[{"id":3776,"href":"https:\/\/www.ingves.fi\/fi\/wp-json\/wp\/v2\/pages\/3217\/revisions\/3776"}],"wp:attachment":[{"href":"https:\/\/www.ingves.fi\/fi\/wp-json\/wp\/v2\/media?parent=3217"}],"curies":[{"name":"wp","href":"https:\/\/api.w.org\/{rel}","templated":true}]}}